{"id":23857,"date":"2026-01-25T17:20:34","date_gmt":"2026-01-25T16:20:34","guid":{"rendered":"https:\/\/annaflores.es\/?page_id=23857"},"modified":"2026-04-23T21:27:36","modified_gmt":"2026-04-23T19:27:36","slug":"curs-de-coach-certificat-a-pnl","status":"publish","type":"page","link":"https:\/\/annaflores.es\/ca\/curso-de-coach-certificado-en-pnl\/","title":{"rendered":"Curs de Coach Certificat a PNL Aplicada"},"content":{"rendered":"<p><div class=\"fusion-fullwidth fullwidth-box fusion-builder-row-1 fusion-flex-container hundred-percent-fullwidth non-hundred-percent-height-scrolling\" style=\"--awb-border-radius-top-left:0px;--awb-border-radius-top-right:0px;--awb-border-radius-bottom-right:0px;--awb-border-radius-bottom-left:0px;--awb-flex-wrap:wrap;\" ><div class=\"fusion-builder-row fusion-row fusion-flex-align-items-flex-start fusion-flex-content-wrap\" style=\"width:104% !important;max-width:104% !important;margin-left: calc(-4% \/ 2 );margin-right: calc(-4% \/ 2 );\"><div class=\"fusion-layout-column fusion_builder_column fusion-builder-column-0 fusion_builder_column_1_1 1_1 fusion-flex-column\" style=\"--awb-bg-size:cover;--awb-width-large:100%;--awb-margin-top-large:0px;--awb-spacing-right-large:1.92%;--awb-margin-bottom-large:20px;--awb-spacing-left-large:1.92%;--awb-width-medium:100%;--awb-spacing-right-medium:1.92%;--awb-spacing-left-medium:1.92%;--awb-width-small:100%;--awb-spacing-right-small:1.92%;--awb-spacing-left-small:1.92%;\"><div class=\"fusion-column-wrapper fusion-column-has-shadow fusion-flex-justify-content-flex-start fusion-content-layout-column\"><div class=\"fusion-title title fusion-title-1 fusion-title-text fusion-title-size-one\" style=\"--awb-margin-top-small:0px;--awb-margin-right-small:0px;--awb-margin-bottom-small:10px;--awb-margin-left-small:0px;\"><div class=\"title-sep-container title-sep-container-left fusion-no-large-visibility fusion-no-medium-visibility fusion-no-small-visibility\"><div class=\"title-sep sep-double sep-solid\" style=\"border-color:#e0dede;\"><\/div><\/div><span class=\"awb-title-spacer fusion-no-large-visibility fusion-no-medium-visibility fusion-no-small-visibility\"><\/span><h1 class=\"fusion-title-heading title-heading-left fusion-responsive-typography-calculated\" style=\"margin:0;--fontSize:36;line-height:1.4;\">Curs de Coach Certificat a PNL Aplicada<\/h1><span class=\"awb-title-spacer\"><\/span><div class=\"title-sep-container title-sep-container-right\"><div class=\"title-sep sep-double sep-solid\" style=\"border-color:#e0dede;\"><\/div><\/div><\/div><\/div><\/div><\/div><\/div><div class=\"fusion-fullwidth fullwidth-box fusion-builder-row-2 fusion-flex-container hundred-percent-fullwidth non-hundred-percent-height-scrolling\" style=\"--awb-border-radius-top-left:0px;--awb-border-radius-top-right:0px;--awb-border-radius-bottom-right:0px;--awb-border-radius-bottom-left:0px;--awb-flex-wrap:wrap;\" ><div class=\"fusion-builder-row fusion-row fusion-flex-align-items-flex-start fusion-flex-content-wrap\" style=\"width:104% !important;max-width:104% !important;margin-left: calc(-4% \/ 2 );margin-right: calc(-4% \/ 2 );\"><div class=\"fusion-layout-column fusion_builder_column fusion-builder-column-1 fusion_builder_column_1_2 1_2 fusion-flex-column\" style=\"--awb-bg-blend:overlay;--awb-bg-size:cover;--awb-width-large:50%;--awb-margin-top-large:0px;--awb-spacing-right-large:3.84%;--awb-margin-bottom-large:20px;--awb-spacing-left-large:3.84%;--awb-width-medium:100%;--awb-order-medium:0;--awb-spacing-right-medium:1.92%;--awb-spacing-left-medium:1.92%;--awb-width-small:100%;--awb-order-small:0;--awb-spacing-right-small:1.92%;--awb-spacing-left-small:1.92%;\" data-scroll-devices=\"small-visibility,medium-visibility,large-visibility\"><div class=\"fusion-column-wrapper fusion-column-has-shadow fusion-flex-justify-content-flex-start fusion-content-layout-column\"><div class=\"fusion-text fusion-text-1\">\t<div\n\t\tid=\"video-vimeo-1\"\n\t\tclass=\"vvimeo\"\n\t\tdata-video=\"1181669398\"\n\t\tdata-muted=\"0\"\n\t\tdata-ratio=\"16:9\"\n\t>\n\t\t<button class=\"vvimeo__trigger\" type=\"button\" aria-label=\"Reproduir v\u00eddeo\">\n\t\t\t<img\n\t\t\t\tclass=\"vvimeo__poster\"\n\t\t\t\tsrc=\"https:\/\/annaflores.es\/wp-content\/uploads\/Curso-Certificado-de-PNL-Aplicada-1.png\"\n\t\t\t\talt=\"Reproduir v\u00eddeo\"\n\t\t\t\tloading=\"lazy\"\n\t\t\t\/>\n\t\t\t<span class=\"vvimeo__overlay\" aria-hidden=\"true\">\n\t\t\t\t<span class=\"vvimeo__play\">\n\t\t\t\t\t<svg viewbox=\"0 0 100 100\" width=\"96\" height=\"96\" aria-hidden=\"true\" focusable=\"false\">\n\t\t\t\t\t\t<circle cx=\"50\" cy=\"50\" r=\"48\" fill=\"rgba(0,0,0,0.42)\"><\/circle>\n\t\t\t\t\t\t<polygon points=\"41,31 41,69 72,50\" fill=\"#ffffff\"><\/polygon>\n\t\t\t\t\t<\/svg>\n\t\t\t\t<\/span>\n\t\t\t<\/span>\n\t\t<\/button>\n\t\t<div class=\"vvimeo__frame\" aria-live=\"polite\"><\/div>\n\t<\/div>\n\t\n<\/div><div class=\"fusion-text fusion-text-2\">Aviat publicar\u00e9 aquest v\u00eddeo en catal\u00e0\n<\/div>\n<\/div><\/div><div class=\"fusion-layout-column fusion_builder_column fusion-builder-column-2 fusion_builder_column_1_2 1_2 fusion-flex-column\" style=\"--awb-bg-blend:overlay;--awb-bg-size:cover;--awb-width-large:50%;--awb-margin-top-large:0px;--awb-spacing-right-large:3.84%;--awb-margin-bottom-large:20px;--awb-spacing-left-large:3.84%;--awb-width-medium:100%;--awb-spacing-right-medium:1.92%;--awb-spacing-left-medium:1.92%;--awb-width-small:100%;--awb-spacing-right-small:1.92%;--awb-spacing-left-small:1.92%;\"><div class=\"fusion-column-wrapper fusion-flex-justify-content-flex-start fusion-content-layout-column\"><div class=\"fusion-text fusion-text-3\"><p>El <strong>Coach Certificat en PNL Aplicada<\/strong> \u00e9s una formaci\u00f3<strong> pr\u00e0ctica, efectiva i orientada a resultats reals. <\/strong>\u00a0dissenyada per a persones que volen <strong>acompanyar processos de canvi de forma efica\u00e7, \u00e8tica i profunda<\/strong>, integrant <a href=\"https:\/\/annaflores.es\/ca\/coaching\/\" target=\"_blank\" rel=\"noopener\">Coaching<\/a> i <a href=\"https:\/\/annaflores.es\/ca\/pnl\/\" target=\"_blank\" rel=\"noopener\">Programaci\u00f3 Neuroling\u00fc\u00edstica (PNL)<\/a> des de la pr\u00e0ctica real.<\/p>\n<p>Aquest programa ha estat <strong>dissenyat i desenvolupat per <a href=\"https:\/\/annaflores.es\/ca\/anna-flores\/\">Anna Flores<\/a><\/strong>, a partir d&#039;un model propi que ha anat optimitzant durant anys, seleccionant i depurant el m\u00e9s efectiu dels anteriors programes formatius que ha estat impartint, eliminant tot all\u00f2 accessori per centrar-se en <strong>el que realment funciona en sessi\u00f3<\/strong>.<\/p>\n<p>El resultat \u00e9s una formaci\u00f3 <strong>m\u00e9s directa, m\u00e9s pr\u00e0ctica i m\u00e9s intensiva, <\/strong>sense perdre profunditat ni qualitat professional.<strong style=\"text-align: justify; font-size: 14px; line-height: 1.5em;\"><span style=\"color: #0000ff;\">\u00a0<\/span><\/strong><\/p>\n<\/div><div class=\"fusion-builder-row fusion-builder-row-inner fusion-row fusion-flex-align-items-flex-start fusion-flex-content-wrap\" style=\"--awb-flex-grow:0;--awb-flex-grow-medium:0;--awb-flex-grow-small:0;--awb-flex-shrink:0;--awb-flex-shrink-medium:0;--awb-flex-shrink-small:0;width:104% !important;max-width:104% !important;margin-left: calc(-4% \/ 2 );margin-right: calc(-4% \/ 2 );\"><div class=\"fusion-layout-column fusion_builder_column_inner fusion-builder-nested-column-0 fusion_builder_column_inner_1_2 1_2 fusion-flex-column\" style=\"--awb-bg-size:cover;--awb-width-large:50%;--awb-margin-top-large:0px;--awb-spacing-right-large:3.84%;--awb-margin-bottom-large:20px;--awb-spacing-left-large:3.84%;--awb-width-medium:100%;--awb-order-medium:0;--awb-spacing-right-medium:1.92%;--awb-spacing-left-medium:1.92%;--awb-width-small:100%;--awb-order-small:0;--awb-spacing-right-small:1.92%;--awb-spacing-left-small:1.92%;\"><div class=\"fusion-column-wrapper fusion-column-has-shadow fusion-flex-justify-content-flex-start fusion-content-layout-column\"><div ><a class=\"fusion-button button-flat button-small button-default fusion-button-default button-1 fusion-button-default-span fusion-button-default-type\" style=\"--button_text_transform:uppercase;\" target=\"_blank\" rel=\"noopener noreferrer\" href=\"https:\/\/annaflores.es\/wp-content\/uploads\/CURS-COACH-CERTIFICAT-EN-PNL-1.pdf\"><span class=\"fusion-button-text awb-button__text awb-button__text--default\">DESCARREGAR PDF DEL CURS<\/span><\/a><\/div><\/div><\/div><div class=\"fusion-layout-column fusion_builder_column_inner fusion-builder-nested-column-1 fusion_builder_column_inner_1_2 1_2 fusion-flex-column\" style=\"--awb-bg-size:cover;--awb-width-large:50%;--awb-margin-top-large:0px;--awb-spacing-right-large:3.84%;--awb-margin-bottom-large:20px;--awb-spacing-left-large:3.84%;--awb-width-medium:100%;--awb-order-medium:0;--awb-spacing-right-medium:1.92%;--awb-spacing-left-medium:1.92%;--awb-width-small:100%;--awb-order-small:0;--awb-spacing-right-small:1.92%;--awb-spacing-left-small:1.92%;\"><div class=\"fusion-column-wrapper fusion-column-has-shadow fusion-flex-justify-content-flex-start fusion-content-layout-column\"><div ><a class=\"fusion-button button-flat button-small button-default fusion-button-default button-2 fusion-button-default-span fusion-button-default-type\" style=\"--button_text_transform:uppercase;\" target=\"_self\" href=\"#PROXIMAS-EDICIONES-DE-LA-FORMACION\"><span class=\"fusion-button-text awb-button__text awb-button__text--default\">VEURE PROPERES EDICIONS<\/span><\/a><\/div><\/div><\/div><\/div><\/div><\/div><\/div><\/div><div class=\"fusion-fullwidth fullwidth-box fusion-builder-row-3 fusion-flex-container has-pattern-background has-mask-background nonhundred-percent-fullwidth non-hundred-percent-height-scrolling\" style=\"--awb-border-radius-top-left:0px;--awb-border-radius-top-right:0px;--awb-border-radius-bottom-right:0px;--awb-border-radius-bottom-left:0px;--awb-padding-top:20px;--awb-padding-right:40px;--awb-padding-left:40px;--awb-margin-bottom:20px;--awb-background-color:#1a5aa5;--awb-flex-wrap:wrap;--awb-box-shadow: 0px 0px ;\" ><div class=\"fusion-builder-row fusion-row fusion-flex-align-items-stretch fusion-flex-content-wrap\" style=\"max-width:1424.8px;margin-left: calc(-4% \/ 2 );margin-right: calc(-4% \/ 2 );\"><div class=\"fusion-layout-column fusion_builder_column fusion-builder-column-3 fusion_builder_column_4_5 4_5 fusion-flex-column\" style=\"--awb-bg-size:cover;--awb-width-large:80%;--awb-margin-top-large:0px;--awb-spacing-right-large:2.4%;--awb-margin-bottom-large:20px;--awb-spacing-left-large:2.4%;--awb-width-medium:100%;--awb-order-medium:0;--awb-spacing-right-medium:1.92%;--awb-spacing-left-medium:1.92%;--awb-width-small:100%;--awb-order-small:0;--awb-spacing-right-small:1.92%;--awb-spacing-left-small:1.92%;\"><div class=\"fusion-column-wrapper fusion-column-has-shadow fusion-flex-justify-content-flex-start fusion-content-layout-column\"><div class=\"fusion-title title fusion-title-2 fusion-sep-none fusion-title-text fusion-title-size-two\" style=\"--awb-text-color:var(--awb-color1);--awb-margin-top-small:0px;--awb-margin-right-small:0px;--awb-margin-bottom-small:10px;--awb-margin-left-small:0px;\"><h2 class=\"fusion-title-heading title-heading-left fusion-responsive-typography-calculated\" style=\"margin:0;--fontSize:24;line-height:1.5;\">Vols visitar-nos i parlar amb Anna Flores per consultar tots els detalls del Coach Certificat a PNL Aplicada?<\/h2><\/div><\/div><\/div><div class=\"fusion-layout-column fusion_builder_column fusion-builder-column-4 fusion_builder_column_1_5 1_5 fusion-flex-column\" style=\"--awb-bg-size:cover;--awb-width-large:20%;--awb-margin-top-large:0px;--awb-spacing-right-large:9.6%;--awb-margin-bottom-large:20px;--awb-spacing-left-large:9.6%;--awb-width-medium:100%;--awb-order-medium:0;--awb-spacing-right-medium:1.92%;--awb-spacing-left-medium:1.92%;--awb-width-small:100%;--awb-order-small:0;--awb-spacing-right-small:1.92%;--awb-spacing-left-small:1.92%;\"><div class=\"fusion-column-wrapper fusion-column-has-shadow fusion-flex-justify-content-center fusion-content-layout-column\"><div ><a class=\"fusion-button button-flat button-large button-custom fusion-button-default button-3 fusion-button-default-span fusion-button-default-type\" style=\"--button_accent_color:#ffffff;--button_accent_hover_color:#ffffff;--button_border_hover_color:#ffffff;--button_gradient_top_color:#4685ea;--button_gradient_bottom_color:#4685ea;--button_gradient_top_color_hover:#515471;--button_gradient_bottom_color_hover:#515471;\" target=\"_self\" href=\"https:\/\/annaflores.es\/ca\/contactar-coaching-anna-flores\/\"><span class=\"fusion-button-text awb-button__text awb-button__text--default\">\u00a1M&#039;APUNTO!<\/span><\/a><\/div><\/div><\/div><\/div><\/div><div class=\"fusion-fullwidth fullwidth-box fusion-builder-row-4 fusion-flex-container has-pattern-background has-mask-background hundred-percent-fullwidth non-hundred-percent-height-scrolling\" style=\"--awb-border-radius-top-left:0px;--awb-border-radius-top-right:0px;--awb-border-radius-bottom-right:0px;--awb-border-radius-bottom-left:0px;--awb-overflow:visible;--awb-margin-bottom:20PX;--awb-flex-wrap:wrap;\" ><div class=\"fusion-builder-row fusion-row fusion-flex-align-items-flex-start fusion-flex-content-wrap\" style=\"width:104% !important;max-width:104% !important;margin-left: calc(-4% \/ 2 );margin-right: calc(-4% \/ 2 );\"><div class=\"fusion-layout-column fusion_builder_column fusion-builder-column-5 fusion_builder_column_1_2 1_2 fusion-flex-column\" style=\"--awb-bg-blend:overlay;--awb-bg-size:cover;--awb-width-large:50%;--awb-margin-top-large:0px;--awb-spacing-right-large:3.84%;--awb-margin-bottom-large:20px;--awb-spacing-left-large:3.84%;--awb-width-medium:100%;--awb-spacing-right-medium:1.92%;--awb-spacing-left-medium:1.92%;--awb-width-small:100%;--awb-spacing-right-small:1.92%;--awb-spacing-left-small:1.92%;\"><div class=\"fusion-column-wrapper fusion-flex-justify-content-flex-start fusion-content-layout-column\"><div class=\"accordian fusion-accordian\" style=\"--awb-border-size:1px;--awb-icon-size:13px;--awb-content-font-size:16px;--awb-icon-alignment:left;--awb-hover-color:#f9f9f9;--awb-border-color:#cccccc;--awb-background-color:#ffffff;--awb-divider-color:#e0dede;--awb-divider-hover-color:#e0dede;--awb-icon-color:#ffffff;--awb-title-color:#567fa9;--awb-content-color:#747474;--awb-icon-box-color:#333333;--awb-toggle-hover-accent-color:#515471;--awb-title-font-family:&quot;PT Sans&quot;;--awb-title-font-weight:400;--awb-title-font-style:normal;--awb-title-font-size:var(--awb-typography2-font-size);--awb-content-font-family:&quot;PT Sans&quot;;--awb-content-font-style:normal;--awb-content-font-weight:400;\"><div class=\"panel-group fusion-toggle-icon-boxed\" id=\"accordion-23857-1\"><div class=\"fusion-panel panel-default panel-e91aec75725555b65 fusion-toggle-has-divider\" style=\"--awb-title-color:#567fa9;--awb-content-color:#747474;\"><div class=\"panel-heading\"><h3 class=\"panel-title toggle\" id=\"toggle_e91aec75725555b65\"><a aria-expanded=\"false\" aria-controls=\"e91aec75725555b65\" role=\"button\" data-toggle=\"collapse\" data-target=\"#e91aec75725555b65\" href=\"#e91aec75725555b65\"><span class=\"fusion-toggle-icon-wrapper\" aria-hidden=\"true\"><i class=\"fa-fusion-box active-icon awb-icon-minus\" aria-hidden=\"true\"><\/i><i class=\"fa-fusion-box inactive-icon awb-icon-plus\" aria-hidden=\"true\"><\/i><\/span><span class=\"fusion-toggle-heading\">Qu\u00e8 \u00e9s el Coach Certificat a PNL Aplicada?<\/span><\/a><\/h3><\/div><div id=\"e91aec75725555b65\" class=\"panel-collapse collapse\" aria-labelledby=\"toggle_e91aec75725555b65\"><div class=\"panel-body toggle-content fusion-clearfix\">\n<p>\u00c9s una formaci\u00f3 completa que et capacita per exercir com <a href=\"https:\/\/annaflores.es\/ca\/coaching-amb-pnl\/\" target=\"_blank\" rel=\"noopener\"><strong>Coach amb PNL<\/strong><\/a>, amb eines clares, estructura s\u00f2lida i una metodologia aplicada des del primer dia.<\/p>\n<p>Aprendr\u00e0s a:<\/p>\n<ul>\n<li>Acompanyar processos de canvi personal i professional.<\/li>\n<li>Detectar amb precisi\u00f3 bloquejos, creences limitants i patrons inconscients.<\/li>\n<li>Aplicar t\u00e8cniques de PNL i Coaching de manera integrada i segura.<\/li>\n<li>Generar canvis reals, mesurables i sostenibles als teus clients.<\/li>\n<\/ul>\n<p>No \u00e9s una formaci\u00f3 te\u00f2rica. \u00c9s un entrenament pr\u00e0ctic, basat en <strong>casos reals, pr\u00e0ctica supervisada i experi\u00e8ncia professional<\/strong>.<\/p>\n<\/div><\/div><\/div><div class=\"fusion-panel panel-default panel-3419af7fdc758a239 fusion-toggle-has-divider\" style=\"--awb-title-color:#567fa9;--awb-content-color:#747474;\"><div class=\"panel-heading\"><h3 class=\"panel-title toggle\" id=\"toggle_3419af7fdc758a239\"><a aria-expanded=\"false\" aria-controls=\"3419af7fdc758a239\" role=\"button\" data-toggle=\"collapse\" data-target=\"#3419af7fdc758a239\" href=\"#3419af7fdc758a239\"><span class=\"fusion-toggle-icon-wrapper\" aria-hidden=\"true\"><i class=\"fa-fusion-box active-icon awb-icon-minus\" aria-hidden=\"true\"><\/i><i class=\"fa-fusion-box inactive-icon awb-icon-plus\" aria-hidden=\"true\"><\/i><\/span><span class=\"fusion-toggle-heading\">Qu\u00e8 aprendr\u00e0s al Coach Certificat a PNL?<\/span><\/a><\/h3><\/div><div id=\"3419af7fdc758a239\" class=\"panel-collapse collapse\" aria-labelledby=\"toggle_3419af7fdc758a239\"><div class=\"panel-body toggle-content fusion-clearfix\">\n<p><strong>Qu\u00e8 aprendr\u00e0s?<\/strong><\/p>\n<ol>\n<li><strong> Coaching professional aplicat<\/strong><\/li>\n<\/ol>\n<ul>\n<li>Estructura duna sessi\u00f3 de Coaching efectiva.<\/li>\n<li>Generaci\u00f3 de rapport i connexi\u00f3 profunda.<\/li>\n<li>Objectius ben formulats i plans dacci\u00f3.<\/li>\n<li>Preguntes poderoses i acompanyament al canvi.<\/li>\n<li>Seguiment i tancament de processos.<\/li>\n<\/ul>\n<ol start=\"2\">\n<li><strong> Programaci\u00f3 Neuroling\u00fc\u00edstica aplicada<\/strong><\/li>\n<\/ol>\n<ul>\n<li>Identificaci\u00f3 de creences limitants.<\/li>\n<li>Gesti\u00f3 destats emocionals.<\/li>\n<li>Eliminaci\u00f3 de bloquejos inconscients.<\/li>\n<li>Canvi de patrons de conducta no positius.<\/li>\n<li>Llenguatge efica\u00e7: prec\u00eds i influent.<\/li>\n<\/ul>\n<ol start=\"3\">\n<li><strong> Integraci\u00f3 Coaching + PNL<\/strong><\/li>\n<\/ol>\n<ul>\n<li>Com combinar ambdues disciplines de manera natural en sessi\u00f3.<\/li>\n<li>Intervencions necess\u00e0ries sense for\u00e7ar processos.<\/li>\n<li>Acompanyeu respectant el ritme i l&#039;ecologia del client.<\/li>\n<li>Facilitar canvis profunds sense depend\u00e8ncia del Coach.<\/li>\n<\/ul>\n<\/div><\/div><\/div><div class=\"fusion-panel panel-default panel-347052380130e34e5 fusion-toggle-has-divider\" style=\"--awb-title-color:#567fa9;--awb-content-color:#747474;\"><div class=\"panel-heading\"><h3 class=\"panel-title toggle\" id=\"toggle_347052380130e34e5\"><a aria-expanded=\"false\" aria-controls=\"347052380130e34e5\" role=\"button\" data-toggle=\"collapse\" data-target=\"#347052380130e34e5\" href=\"#347052380130e34e5\"><span class=\"fusion-toggle-icon-wrapper\" aria-hidden=\"true\"><i class=\"fa-fusion-box active-icon awb-icon-minus\" aria-hidden=\"true\"><\/i><i class=\"fa-fusion-box inactive-icon awb-icon-plus\" aria-hidden=\"true\"><\/i><\/span><span class=\"fusion-toggle-heading\">Difer\u00e8ncies amb altres formacions de PNL o Coaching?<\/span><\/a><\/h3><\/div><div id=\"347052380130e34e5\" class=\"panel-collapse collapse\" aria-labelledby=\"toggle_347052380130e34e5\"><div class=\"panel-body toggle-content fusion-clearfix\">\n<p>\u2714\ufe0f Menys temps de formaci\u00f3 per tenir un enfocament pr\u00e0ctic m\u00e9s gran.<br \/>\n\u2714\ufe0f Continguts optimitzats per a aplicaci\u00f3 immediata en sessi\u00f3.<br \/>\n\u2714\ufe0f Integraci\u00f3 real de Coaching + PNL (no per blocs a\u00efllats).<br \/>\n\u2714\ufe0f Model provat amb clients reals.<br \/>\n\u2714\ufe0f Supervisi\u00f3 directa i feedback professional.<\/p>\n<p>Aquest curs est\u00e0 pensat per als que no volen acumular diplomes, sin\u00f3 <strong>saber intervenir amb seguretat i efic\u00e0cia<\/strong>.<\/p>\n<\/div><\/div><\/div><div class=\"fusion-panel panel-default panel-31a46fd05c12096f5 fusion-toggle-has-divider\" style=\"--awb-title-color:#567fa9;--awb-content-color:#747474;\"><div class=\"panel-heading\"><h3 class=\"panel-title toggle\" id=\"toggle_31a46fd05c12096f5\"><a aria-expanded=\"false\" aria-controls=\"31a46fd05c12096f5\" role=\"button\" data-toggle=\"collapse\" data-target=\"#31a46fd05c12096f5\" href=\"#31a46fd05c12096f5\"><span class=\"fusion-toggle-icon-wrapper\" aria-hidden=\"true\"><i class=\"fa-fusion-box active-icon awb-icon-minus\" aria-hidden=\"true\"><\/i><i class=\"fa-fusion-box inactive-icon awb-icon-plus\" aria-hidden=\"true\"><\/i><\/span><span class=\"fusion-toggle-heading\">A qui va adre\u00e7at?<\/span><\/a><\/h3><\/div><div id=\"31a46fd05c12096f5\" class=\"panel-collapse collapse\" aria-labelledby=\"toggle_31a46fd05c12096f5\"><div class=\"panel-body toggle-content fusion-clearfix\">\n<p>Aquest programa de Coach Certificat a PNL \u00e9s ideal per a:<\/p>\n<ul>\n<li>Persones que desitgen exercir com a Coaches professionals.<\/li>\n<li>Coaches que volen integrar PNL de manera pr\u00e0ctica i efectiva.<\/li>\n<li>Professionals de l&#039;acompanyament, la salut o el desenvolupament personal.<\/li>\n<li>Professionals que vulguin acompanyar els seus clients en un proc\u00e9s r\u00e0pid, efica\u00e7 i transformador.<\/li>\n<li>Persones que busquen una formaci\u00f3 s\u00f2lida per millorar la vida i la dels altres.<\/li>\n<li>L\u00edders dequips.<\/li>\n<li>Tota persona interessada a liderar la seva pr\u00f2pia vida.<\/li>\n<li>Persones que volen canviar una professi\u00f3 alineada amb els seus valors i interessos.<\/li>\n<\/ul>\n<\/div><\/div><\/div><\/div><\/div><\/div><\/div><div class=\"fusion-layout-column fusion_builder_column fusion-builder-column-6 fusion_builder_column_1_2 1_2 fusion-flex-column\" style=\"--awb-bg-blend:overlay;--awb-bg-size:cover;--awb-width-large:50%;--awb-margin-top-large:0px;--awb-spacing-right-large:3.84%;--awb-margin-bottom-large:20px;--awb-spacing-left-large:3.84%;--awb-width-medium:100%;--awb-spacing-right-medium:1.92%;--awb-spacing-left-medium:1.92%;--awb-width-small:100%;--awb-spacing-right-small:1.92%;--awb-spacing-left-small:1.92%;\"><div class=\"fusion-column-wrapper fusion-flex-justify-content-flex-start fusion-content-layout-column\"><div class=\"accordian fusion-accordian\" style=\"--awb-border-size:1px;--awb-icon-size:13px;--awb-content-font-size:16px;--awb-icon-alignment:left;--awb-hover-color:#f9f9f9;--awb-border-color:#cccccc;--awb-background-color:#ffffff;--awb-divider-color:#e0dede;--awb-divider-hover-color:#e0dede;--awb-icon-color:#ffffff;--awb-title-color:#567fa9;--awb-content-color:#747474;--awb-icon-box-color:#333333;--awb-toggle-hover-accent-color:#515471;--awb-title-font-family:&quot;PT Sans&quot;;--awb-title-font-weight:400;--awb-title-font-style:normal;--awb-title-font-size:var(--awb-typography2-font-size);--awb-content-font-family:&quot;PT Sans&quot;;--awb-content-font-style:normal;--awb-content-font-weight:400;\"><div class=\"panel-group fusion-toggle-icon-boxed\" id=\"accordion-23857-2\"><div class=\"fusion-panel panel-default panel-50b44186342873e1a fusion-toggle-has-divider\" style=\"--awb-title-color:#567fa9;--awb-content-color:#747474;\"><div class=\"panel-heading\"><h3 class=\"panel-title toggle\" id=\"toggle_50b44186342873e1a\"><a aria-expanded=\"false\" aria-controls=\"50b44186342873e1a\" role=\"button\" data-toggle=\"collapse\" data-parent=\"#accordion-23857-2\" data-target=\"#50b44186342873e1a\" href=\"#50b44186342873e1a\"><span class=\"fusion-toggle-icon-wrapper\" aria-hidden=\"true\"><i class=\"fa-fusion-box active-icon awb-icon-minus\" aria-hidden=\"true\"><\/i><i class=\"fa-fusion-box inactive-icon awb-icon-plus\" aria-hidden=\"true\"><\/i><\/span><span class=\"fusion-toggle-heading\">Metodologia i Estructura<\/span><\/a><\/h3><\/div><div id=\"50b44186342873e1a\" class=\"panel-collapse collapse\" aria-labelledby=\"toggle_50b44186342873e1a\"><div class=\"panel-body toggle-content fusion-clearfix\">\n<p>La formaci\u00f3 es basa en:<\/p>\n<ul>\n<li><strong>Aprenentatge experiencial<\/strong>.<\/li>\n<li>Pr\u00e0ctiques cont\u00ednues supervisades.<\/li>\n<li>Casos reals i exemples de sessi\u00f3.<\/li>\n<li>Feedback directe i personalitzat.<\/li>\n<li>Aplicaci\u00f3 immediata de les t\u00e8cniques.<\/li>\n<\/ul>\n<p>Des del primer m\u00f2dul comen\u00e7ar\u00e0s a <strong>pensar, comunicar i acompanyar com a Coach amb PNL<\/strong>.<\/p>\n<p><strong>Estructura:<\/strong><\/p>\n<ul>\n<li>Formaci\u00f3 presencial o per videoconfer\u00e8ncia en directe (segons edici\u00f3).<\/li>\n<li>3 formats: setmanal de matins, setmanal de tardes, intensiu de caps de setmana.<\/li>\n<li>des de 96 a 102 hores en funci\u00f3 del format del curs que escullis (veure formats i horaris).<\/li>\n<li>Grups redu\u00efts per garantir qualitat i seguiment.<\/li>\n<li>Materials de suport durant la formaci\u00f3.<\/li>\n<li>Pr\u00e0ctiques obligat\u00f2ries entre m\u00f2duls.<\/li>\n<li>Supervisi\u00f3 durant el proc\u00e9s formatiu, tant a les pr\u00e0ctiques durant el curs com a fora, amb clients reals<\/li>\n<\/ul>\n<\/div><\/div><\/div><div class=\"fusion-panel panel-default panel-aae0d6cab3eff3c96 fusion-toggle-has-divider\" style=\"--awb-title-color:#567fa9;--awb-content-color:#747474;\"><div class=\"panel-heading\"><h3 class=\"panel-title toggle\" id=\"toggle_aae0d6cab3eff3c96\"><a aria-expanded=\"false\" aria-controls=\"aae0d6cab3eff3c96\" role=\"button\" data-toggle=\"collapse\" data-parent=\"#accordion-23857-2\" data-target=\"#aae0d6cab3eff3c96\" href=\"#aae0d6cab3eff3c96\"><span class=\"fusion-toggle-icon-wrapper\" aria-hidden=\"true\"><i class=\"fa-fusion-box active-icon awb-icon-minus\" aria-hidden=\"true\"><\/i><i class=\"fa-fusion-box inactive-icon awb-icon-plus\" aria-hidden=\"true\"><\/i><\/span><span class=\"fusion-toggle-heading\">Qui imparteix el curs de Coaching amb PNL?<\/span><\/a><\/h3><\/div><div id=\"aae0d6cab3eff3c96\" class=\"panel-collapse collapse\" aria-labelledby=\"toggle_aae0d6cab3eff3c96\"><div class=\"panel-body toggle-content fusion-clearfix\">\n<p>La formaci\u00f3 \u00e9s \u00edntegrament impartida per Anna Flores, License Trainer of NLP i License NLP Coaching Trainer de The Society of NLP, certificada pel co creador de la PNL Richard Bandler, M\u00e0ster Trainer Internacional d&#039;Hipnosi Ericksoniana Aplicada per l&#039;AHPNL i creadora del model terap\u00e8utic Ter\u00e0pia de Reprogramaci\u00f3 Integral.<\/p>\n<p>Anna Flores no nom\u00e9s \u00e9s formadora, sin\u00f3 tamb\u00e9 Coach especialitzada en Programaci\u00f3 Neuroling\u00fc\u00edstica (PNL). El seu enfocament \u00fanic combina el coneixement te\u00f2ric amb la pr\u00e0ctica real, assegurant que cada assistent no nom\u00e9s aprengui, sin\u00f3 que experimenti per ell mateix l&#039;impacte d&#039;aquesta fusi\u00f3 entre Coaching i PNL.<\/p>\n<p>Amb anys d&#039;experi\u00e8ncia treballant amb clients en processos de Coaching amb PNL, Anna posa a disposici\u00f3 dels seus alumnes casos reals i les solucions que ella aplica a les seves sessions per fer un \u00fas rigor\u00f3s, efectiu i professional de l&#039;aplicaci\u00f3 de la PNL als processos de Coaching. El seu objectiu \u00e9s que cada participant visqui en primera persona els beneficis d&#039;aquestes t\u00e8cniques, descobrint com poden transformar la comunicaci\u00f3, la mentalitat i la manera d&#039;interactuar amb el m\u00f3n, aportant una experi\u00e8ncia enriquidora per als qui volen dedicar-se professionalment a l&#039;acompanyament de persones.<\/p>\n<p>A trav\u00e9s d&#039;un m\u00e8tode pr\u00e0ctic, atractiu i enfocat a l&#039;experi\u00e8ncia real, aquesta formaci\u00f3 us permetr\u00e0 no nom\u00e9s adquirir coneixements, sin\u00f3 integrar l&#039;estructura de manera f\u00e0cil i segura.<\/p>\n<\/div><\/div><\/div><div class=\"fusion-panel panel-default panel-8a7b46e6d0e6f1238 fusion-toggle-has-divider\" style=\"--awb-title-color:#567fa9;--awb-content-color:#747474;\"><div class=\"panel-heading\"><h3 class=\"panel-title toggle\" id=\"toggle_8a7b46e6d0e6f1238\"><a aria-expanded=\"false\" aria-controls=\"8a7b46e6d0e6f1238\" role=\"button\" data-toggle=\"collapse\" data-parent=\"#accordion-23857-2\" data-target=\"#8a7b46e6d0e6f1238\" href=\"#8a7b46e6d0e6f1238\"><span class=\"fusion-toggle-icon-wrapper\" aria-hidden=\"true\"><i class=\"fa-fusion-box active-icon awb-icon-minus\" aria-hidden=\"true\"><\/i><i class=\"fa-fusion-box inactive-icon awb-icon-plus\" aria-hidden=\"true\"><\/i><\/span><span class=\"fusion-toggle-heading\">Formats i Horaris del Coach Certificat a PNL<\/span><\/a><\/h3><\/div><div id=\"8a7b46e6d0e6f1238\" class=\"panel-collapse collapse\" aria-labelledby=\"toggle_8a7b46e6d0e6f1238\"><div class=\"panel-body toggle-content fusion-clearfix\">\n<ul>\n<li><strong>FORMAT PRESENCIAL\/ ONLINE SETMANAL DE MAT\u00cd:\u00a0<\/strong><br \/>\nUn mat\u00ed a la setmana de 9h a 14h, durant 16 setmanes<br \/>\n96 hores totals<br \/>\n80 hores lectives presencials<br \/>\n16 hores de pr\u00e0ctiques obligat\u00f2ries fora de l&#039;aula<\/li>\n<\/ul>\n<ul>\n<li><strong>FORMAT ONLINE EN DIRECTE SETMANAL DE VESPRADAS:\u00a0<\/strong><br \/>\nUna tarda a la setmana de 15h a 19h durant 20 setmanes<br \/>\n104 hores totals<br \/>\n80 hores lectives presencials<br \/>\n24 hores de pr\u00e0ctiques obligat\u00f2ries fora de l&#039;aula<\/li>\n<\/ul>\n<ul>\n<li><strong>FORMAT PRESENCIAL\/ ONLINE INTENSIU DE CAPS DE SETMANA:\u00a0<\/strong><br \/>\nUn cap de setmana cada mes durant 4 mesos<br \/>\nDivendres de 16h a 19h<br \/>\nDissabte de 9h a 19h amb pausa per dinar<br \/>\nDiumenge de 9h a 18h amb pausa per dinar<br \/>\n96 hores totals<br \/>\n80 hores lectives presencials<br \/>\n16 hores de pr\u00e0ctiques obligat\u00f2ries fora de l&#039;aula<\/li>\n<\/ul>\n<\/div><\/div><\/div><div class=\"fusion-panel panel-default panel-384ee86415c8e9af3 fusion-toggle-has-divider\" style=\"--awb-title-color:#567fa9;--awb-content-color:#747474;\"><div class=\"panel-heading\"><h3 class=\"panel-title toggle\" id=\"toggle_384ee86415c8e9af3\"><a aria-expanded=\"false\" aria-controls=\"384ee86415c8e9af3\" role=\"button\" data-toggle=\"collapse\" data-parent=\"#accordion-23857-2\" data-target=\"#384ee86415c8e9af3\" href=\"#384ee86415c8e9af3\"><span class=\"fusion-toggle-icon-wrapper\" aria-hidden=\"true\"><i class=\"fa-fusion-box active-icon awb-icon-minus\" aria-hidden=\"true\"><\/i><i class=\"fa-fusion-box inactive-icon awb-icon-plus\" aria-hidden=\"true\"><\/i><\/span><span class=\"fusion-toggle-heading\">Preus i condicions<\/span><\/a><\/h3><\/div><div id=\"384ee86415c8e9af3\" class=\"panel-collapse collapse\" aria-labelledby=\"toggle_384ee86415c8e9af3\"><div class=\"panel-body toggle-content fusion-clearfix\">\n<p><strong>Inversi\u00f3<\/strong><br \/>\nOferim tres diferents formats per escollir la que millor encaixi amb la disponibilitat de temps i prefer\u00e8ncies personals i tots ells tenen la mateixa tarifa econ\u00f2mica.<\/p>\n<p>La inversi\u00f3 del curs \u00e9s de 3.950.<br \/>\nSi l&#039;import total del curs se satisf\u00e0 totalment amb 30 dies d&#039;antelaci\u00f3, s&#039;aplica <strong>un descompte de 500\u20ac.<br \/>\n<\/strong>Resultant un import final de\u00a0<strong> 3450\u20ac<\/strong><\/p>\n<p><strong>Els preus inclouen<\/strong><\/p>\n<ul>\n<li>Manual creat per Anna Flores, avalat per l&#039;AHPNL<\/li>\n<li>Material per als exercicis<\/li>\n<li>L'import \u00edntegre de la matr\u00edcula: 250\u20ac<\/li>\n<li>Supervisi\u00f3 dels exercicis no presencials<\/li>\n<li>Refrigeris a les pauses<\/li>\n<li>Certificat oficial signat de l&#039;Associaci\u00f3 Hispanoamericana de PNL<\/li>\n<\/ul>\n<p><strong>M\u00e8tode de pagament amb targeta de cr\u00e8dit<\/strong><\/p>\n<ul>\n<li>Es paga l&#039;import total del curs amb targeta de cr\u00e8dit amb el benefici de 500\u20ac de descompte en pagar amb m\u00e9s de 30 dies d&#039;antelaci\u00f3 a la data d&#039;inici del curs.<\/li>\n<\/ul>\n<p><strong>Inscripci\u00f3 i Reserva<\/strong><\/p>\n<ul>\n<li>La inscripci\u00f3 s'inicia amb el pagament de la formaci\u00f3, al marge de la forma de pagament triada (targeta de cr\u00e8dit o finan\u00e7ament ajornat).<\/li>\n<li>Durant el proc\u00e9s s&#039;emplenen totes les dades necess\u00e0ries perqu\u00e8 l&#039;Institut Anna Flores pugui emetre i enviar la factura corresponent de manera autom\u00e0tica<\/li>\n<li>La pla\u00e7a queda garantida autom\u00e0ticament amb l'enviament de la factura.<\/li>\n<li>Abans de l'inici del curs, aproximadament amb uns 10 dies d'antelaci\u00f3, enviem un correu recordatori del curs, incloent les dades pr\u00e0ctiques perqu\u00e8 el curs sigui una experi\u00e8ncia \u00f2ptima.<\/li>\n<\/ul>\n<p>Per a aclariments contactar<a href=\"https:\/\/annaflores.es\/ca\/contactar-coaching-anna-flores\/\" target=\"_blank\" rel=\"noopener\"> AQU\u00cd<\/a><\/p>\n<p><strong>Pol\u00edtica de cancel.laci\u00f3<\/strong><\/p>\n<p>Per con\u00e8ixer la pol\u00edtica de cancel.laci\u00f3 clicar <a href=\"https:\/\/annaflores.es\/ca\/politica-de-cancelacio\/\" target=\"_blank\" rel=\"noopener noreferrer\"><strong>AQU\u00cd<\/strong><\/a><\/p>\n<\/div><\/div><\/div><\/div><\/div><\/div><\/div><\/div><\/div><div class=\"fusion-fullwidth fullwidth-box fusion-builder-row-5 fusion-flex-container hundred-percent-fullwidth non-hundred-percent-height-scrolling\" style=\"--awb-border-radius-top-left:0px;--awb-border-radius-top-right:0px;--awb-border-radius-bottom-right:0px;--awb-border-radius-bottom-left:0px;--awb-overflow:visible;--awb-flex-wrap:wrap;\" ><div class=\"fusion-builder-row fusion-row fusion-flex-align-items-stretch fusion-flex-content-wrap\" style=\"width:104% !important;max-width:104% !important;margin-left: calc(-4% \/ 2 );margin-right: calc(-4% \/ 2 );\"><div class=\"fusion-layout-column fusion_builder_column fusion-builder-column-7 fusion_builder_column_1_1 1_1 fusion-flex-column\" style=\"--awb-bg-blend:overlay;--awb-bg-size:cover;--awb-width-large:100%;--awb-margin-top-large:0px;--awb-spacing-right-large:1.92%;--awb-margin-bottom-large:20px;--awb-spacing-left-large:1.92%;--awb-width-medium:100%;--awb-order-medium:0;--awb-spacing-right-medium:1.92%;--awb-spacing-left-medium:1.92%;--awb-width-small:100%;--awb-order-small:0;--awb-spacing-right-small:1.92%;--awb-spacing-left-small:1.92%;\" data-scroll-devices=\"small-visibility,medium-visibility,large-visibility\"><div class=\"fusion-column-wrapper fusion-column-has-shadow fusion-flex-justify-content-flex-start fusion-content-layout-column\"><div class=\"fusion-title title fusion-title-3 fusion-title-text fusion-title-size-two\" style=\"--awb-margin-top-small:0px;--awb-margin-right-small:0px;--awb-margin-bottom-small:10px;--awb-margin-left-small:0px;\"><div class=\"title-sep-container title-sep-container-left fusion-no-large-visibility fusion-no-medium-visibility fusion-no-small-visibility\"><div class=\"title-sep sep-double sep-solid\" style=\"border-color:#e0dede;\"><\/div><\/div><span class=\"awb-title-spacer fusion-no-large-visibility fusion-no-medium-visibility fusion-no-small-visibility\"><\/span><h2 class=\"fusion-title-heading title-heading-left fusion-responsive-typography-calculated\" style=\"margin:0;--fontSize:24;line-height:1.5;\">Per qu\u00e8 formar-te a Coaching amb PNL amb Anna Flores?<\/h2><span class=\"awb-title-spacer\"><\/span><div class=\"title-sep-container title-sep-container-right\"><div class=\"title-sep sep-double sep-solid\" style=\"border-color:#e0dede;\"><\/div><\/div><\/div><\/div><\/div><div class=\"fusion-layout-column fusion_builder_column fusion-builder-column-8 fusion_builder_column_1_2 1_2 fusion-flex-column\" style=\"--awb-bg-blend:overlay;--awb-bg-size:cover;--awb-width-large:50%;--awb-margin-top-large:0px;--awb-spacing-right-large:3.84%;--awb-margin-bottom-large:20px;--awb-spacing-left-large:3.84%;--awb-width-medium:100%;--awb-order-medium:0;--awb-spacing-right-medium:1.92%;--awb-spacing-left-medium:1.92%;--awb-width-small:100%;--awb-order-small:0;--awb-spacing-right-small:1.92%;--awb-spacing-left-small:1.92%;\" data-scroll-devices=\"small-visibility,medium-visibility,large-visibility\"><div class=\"fusion-column-wrapper lazyload fusion-column-has-shadow fusion-flex-justify-content-flex-start fusion-content-layout-column fusion-empty-column-bg-image fusion-column-has-bg-image\" data-bg-url=\"https:\/\/annaflores.es\/wp-content\/uploads\/af.jpg\" data-bg=\"https:\/\/annaflores.es\/wp-content\/uploads\/af.jpg\"><img decoding=\"async\" class=\"fusion-empty-dims-img-placeholder fusion-no-large-visibility\" alt=\"CPACH CERTIFICAT A PNL\" aria-label=\"ANNA FLORS TRAINER DE COACHING AMB PNL\" src=\"data:image\/svg+xml,%3Csvg%20xmlns%3D%27http%3A%2F%2Fwww.w3.org%2F2000%2Fsvg%27%20width%3D%27619%27%20height%3D%27678%27%20viewBox%3D%270%200%20619%20678%27%3E%3Crect%20width%3D%27619%27%20height%3D%27678%27%20fill-opacity%3D%220%22%2F%3E%3C%2Fsvg%3E\"><\/div><\/div><div class=\"fusion-layout-column fusion_builder_column fusion-builder-column-9 fusion_builder_column_1_2 1_2 fusion-flex-column\" style=\"--awb-bg-blend:overlay;--awb-bg-size:cover;--awb-width-large:50%;--awb-margin-top-large:0px;--awb-spacing-right-large:3.84%;--awb-margin-bottom-large:20px;--awb-spacing-left-large:3.84%;--awb-width-medium:100%;--awb-order-medium:0;--awb-spacing-right-medium:1.92%;--awb-spacing-left-medium:1.92%;--awb-width-small:100%;--awb-order-small:0;--awb-spacing-right-small:1.92%;--awb-spacing-left-small:1.92%;\" data-scroll-devices=\"small-visibility,medium-visibility,large-visibility\"><div class=\"fusion-column-wrapper fusion-column-has-shadow fusion-flex-justify-content-flex-start fusion-content-layout-column\"><div class=\"fusion-text fusion-text-4\"><h3>1. Perqu\u00e8 Anna Flores ha creat aquest curs des de lexperi\u00e8ncia real, no des de la teoria.<\/h3>\n<p>Aquest curs de <strong>Coach Certificat en PNL Aplicada<\/strong> no neix d&#039;un manual ni de models idealitzats.<br \/>\nNeix d&#039;anys d&#039;experi\u00e8ncia real en consulta i formaci\u00f3, acompanyant centenars de persones en processos de canvi profund i formant a Coaching, PNL, Hipnosi o TRI alumnes que avui treballen amb seguretat i solv\u00e8ncia.<\/p>\n<p><strong>No \u00e9s nom\u00e9s una formaci\u00f3:<\/strong>\u00c9s una manera d&#039;aprendre a acompanyar de deb\u00f2.<\/p>\n<h3>2. Perqu\u00e8 aquest model est\u00e0 dissenyat perqu\u00e8, en acabar, puguis treballar amb seguretat.<\/h3>\n<ul>\n<li><strong>S\u00e0pigues exactament qu\u00e8 fer en sessi\u00f3<\/strong>, sense improvisar ni quedar-te en blanc.<\/li>\n<li><strong>Tingues criteri professional propi<\/strong>, per triar l&#039;eina adequada a cada moment.<\/li>\n<li><strong>Acompanyis processos reals de canvi<\/strong>, amb respecte, profunditat i efic\u00e0cia.<\/li>\n<li><strong>Confi\u00efs en tu com a Coach amb PNL<\/strong>, sentint-te preparat per treballar amb persones des de l&#039;inici.<\/li>\n<\/ul>\n<h3>3. Perqu\u00e8 Anna ha dissenyat la formaci\u00f3 per convertir-te en un professional competent.<\/h3>\n<p><strong>Amb aquest programa de Coaching amb PNL aplicada vas a:<\/strong><\/p>\n<ul>\n<li>Integrar el Coaching i la PNL de manera pr\u00e0ctica i aplicable, m\u00e9s enll\u00e0 de la teoria.<\/li>\n<li>Entrenar amb casos reals i pr\u00e0ctiques supervisades, perqu\u00e8 guanyis seguretat sessi\u00f3 a sessi\u00f3.<\/li>\n<li>Desenvolupar el teu propi estil com Coach, de PNL, sense dependre de guions r\u00edgids.<\/li>\n<li>Aprendre a dur a terme processos complets, des de la primera sessi\u00f3 fins al tancament.<\/li>\n<li>Rebre feedback directe i personalitzat, per millorar de forma real, no nom\u00e9s \u201csentir-te b\u00e9\u201d.<\/li>\n<li>Viure el teu propi proc\u00e9s de transformaci\u00f3, perqu\u00e8 nom\u00e9s qui ha recorregut el cam\u00ed pot acompanyar-ne d&#039;altres.<\/li>\n<\/ul>\n<h3>4. Perqu\u00e8 surtis d&#039;aqu\u00ed preparat\/da per exercir<\/h3>\n<p>L&#039;objectiu \u00e9s clar: que en acabar no nom\u00e9s \u201cs\u00e0pigues de Coaching amb PNL\u201d, sin\u00f3 que <strong>s\u00e0pigues treballar amb persones, amb claredat, \u00e8tica i resultats<\/strong>.<\/p>\n<p>Perqu\u00e8 puguis seure amb un\/a client\/ai <strong>saber acompanyar-lo amb seguretat<\/strong>.<\/p>\n<\/div><\/div><\/div><div class=\"fusion-layout-column fusion_builder_column fusion-builder-column-10 fusion_builder_column_1_1 1_1 fusion-flex-column\" style=\"--awb-bg-blend:overlay;--awb-bg-size:cover;--awb-width-large:100%;--awb-margin-top-large:0px;--awb-spacing-right-large:1.92%;--awb-margin-bottom-large:20px;--awb-spacing-left-large:1.92%;--awb-width-medium:100%;--awb-order-medium:0;--awb-spacing-right-medium:1.92%;--awb-spacing-left-medium:1.92%;--awb-width-small:100%;--awb-order-small:0;--awb-spacing-right-small:1.92%;--awb-spacing-left-small:1.92%;\" data-scroll-devices=\"small-visibility,medium-visibility,large-visibility\"><div class=\"fusion-column-wrapper fusion-column-has-shadow fusion-flex-justify-content-flex-start fusion-content-layout-column\"><div class=\"fusion-title title fusion-title-4 fusion-title-text fusion-title-size-two\" style=\"--awb-margin-top-small:0px;--awb-margin-right-small:0px;--awb-margin-bottom-small:10px;--awb-margin-left-small:0px;\"><div class=\"title-sep-container title-sep-container-left fusion-no-large-visibility fusion-no-medium-visibility fusion-no-small-visibility\"><div class=\"title-sep sep-double sep-solid\" style=\"border-color:#e0dede;\"><\/div><\/div><span class=\"awb-title-spacer fusion-no-large-visibility fusion-no-medium-visibility fusion-no-small-visibility\"><\/span><h2 class=\"fusion-title-heading title-heading-left fusion-responsive-typography-calculated\" style=\"margin:0;--fontSize:24;line-height:1.5;\">Per qui aquest Curs de Coach Certificat a PNL Aplicada?<\/h2><span class=\"awb-title-spacer\"><\/span><div class=\"title-sep-container title-sep-container-right\"><div class=\"title-sep sep-double sep-solid\" style=\"border-color:#e0dede;\"><\/div><\/div><\/div><\/div><\/div><div class=\"fusion-layout-column fusion_builder_column fusion-builder-column-11 fusion_builder_column_1_2 1_2 fusion-flex-column\" style=\"--awb-bg-blend:overlay;--awb-bg-size:cover;--awb-width-large:50%;--awb-margin-top-large:0px;--awb-spacing-right-large:3.84%;--awb-margin-bottom-large:20px;--awb-spacing-left-large:3.84%;--awb-width-medium:100%;--awb-order-medium:0;--awb-spacing-right-medium:1.92%;--awb-spacing-left-medium:1.92%;--awb-width-small:100%;--awb-order-small:0;--awb-spacing-right-small:1.92%;--awb-spacing-left-small:1.92%;\" data-scroll-devices=\"small-visibility,medium-visibility,large-visibility\"><div class=\"fusion-column-wrapper fusion-column-has-shadow fusion-flex-justify-content-flex-start fusion-content-layout-column\"><div class=\"fusion-text fusion-text-5\"><h3>El curs de <strong>Coach Certificat en PNL Aplicada<\/strong> \u00e9s per a tu si:<\/h3>\n<ul>\n<li><strong>Sents una veritable vocaci\u00f3 per acompanyar altres persones<\/strong> en els processos de canvi, creixement o presa de decisions.<\/li>\n<li>Sempre t&#039;ha satisfet <strong>ajudar altres persones<\/strong> en els moments dif\u00edcils.<\/li>\n<li><strong>Vols formar-te com a professional del Coaching<\/strong>, amb una base s\u00f2lida, pr\u00e0ctica i aplicable des del primer dia.<\/li>\n<li><strong>Ja ets terapeuta, coach o treballes amb persones<\/strong> (psicologia, ter\u00e0pia, educaci\u00f3, salut, recursos humans\u2026) i vols incorporar la PNL per aplicar-la amb rigor i efic\u00e0cia.<\/li>\n<li><strong>T&#039;interessa el desenvolupament personal<\/strong>\u00a0i aprendre a intervenir de manera professional.<\/li>\n<li>Busques anar <strong>m\u00e9s enll\u00e0 del te\u00f2ric<\/strong> per exercir de manera segura i fiable.<\/li>\n<li><strong>Vols seguretat i claredat en sessi\u00f3<\/strong>, sense improvisar ni dependre d&#039;estructures r\u00edgides.<\/li>\n<li><strong>Busques una formaci\u00f3 seriosa, amb criteri i acompanyament real<\/strong>, no nom\u00e9s un curs inspiracional.<\/li>\n<li><strong>Est\u00e0s disposat\/da a implicar-te en el teu propi proc\u00e9s<\/strong>, practicar i entrenar per convertir-te en un bon professional.<\/li>\n<li>Si sents que ha arribat el moment de <strong>formar-te de deb\u00f2.<\/strong><\/li>\n<li>T&#039;interessa adquirir <strong>eines s\u00f2lides.<\/strong><\/li>\n<li>Si creus que un <strong>proc\u00e9s realment transformador<\/strong> no ha de ser obligat\u00f2riament llargs i fins i tot poden resultar m\u00e9s curts del que s&#039;esperava.<\/li>\n<li><strong>Desitges convertir-te en un Coach amb PNL capa\u00e7 d&#039;acompanyar amb seguretat, \u00e8tica i efic\u00e0cia.<\/strong><\/li>\n<li><strong>Si consideres que no \u00e9s convenient g<\/strong>enerar depend\u00e8ncia als clients perqu\u00e8 augmenti la seva autoestima. Quan generem depend\u00e8ncia als nostres clients en realitat no estem fent una bona feina<\/li>\n<\/ul>\n<h3><\/h3>\n<\/div><\/div><\/div><div class=\"fusion-layout-column fusion_builder_column fusion-builder-column-12 fusion_builder_column_1_2 1_2 fusion-flex-column\" style=\"--awb-bg-blend:overlay;--awb-bg-size:cover;--awb-width-large:50%;--awb-margin-top-large:0px;--awb-spacing-right-large:3.84%;--awb-margin-bottom-large:20px;--awb-spacing-left-large:3.84%;--awb-width-medium:100%;--awb-order-medium:0;--awb-spacing-right-medium:1.92%;--awb-spacing-left-medium:1.92%;--awb-width-small:100%;--awb-order-small:0;--awb-spacing-right-small:1.92%;--awb-spacing-left-small:1.92%;\" data-scroll-devices=\"small-visibility,medium-visibility,large-visibility\"><div class=\"fusion-column-wrapper lazyload fusion-column-has-shadow fusion-flex-justify-content-flex-start fusion-content-layout-column fusion-column-has-bg-image\" data-bg-url=\"https:\/\/annaflores.es\/wp-content\/uploads\/CLASE-TEXTO.png\" data-bg=\"https:\/\/annaflores.es\/wp-content\/uploads\/CLASE-TEXTO.png\"><div class=\"fusion-image-element\" style=\"--awb-caption-title-font-family:var(--h2_typography-font-family);--awb-caption-title-font-weight:var(--h2_typography-font-weight);--awb-caption-title-font-style:var(--h2_typography-font-style);--awb-caption-title-size:var(--h2_typography-font-size);--awb-caption-title-transform:var(--h2_typography-text-transform);--awb-caption-title-line-height:var(--h2_typography-line-height);--awb-caption-title-letter-spacing:var(--h2_typography-letter-spacing);\"><span class=\"fusion-imageframe imageframe-none imageframe-1 hover-type-none\"><img decoding=\"async\" width=\"835\" height=\"920\" alt=\"Coaching amb PNL\" title=\"PNL Aplicada\" src=\"https:\/\/annaflores.es\/wp-content\/uploads\/classe-retallada-text-catala.png\" data-orig-src=\"https:\/\/www.annaflores.es\/wp-content\/uploads\/classe-retallada.png\" class=\"lazyload img-responsive wp-image-23997\" srcset=\"https:\/\/annaflores.es\/wp-content\/uploads\/classe-retallada-text-catala-11x12.png 11w, https:\/\/annaflores.es\/wp-content\/uploads\/classe-retallada-text-catala-200x220.png 200w, https:\/\/annaflores.es\/wp-content\/uploads\/classe-retallada-text-catala-272x300.png 272w, https:\/\/annaflores.es\/wp-content\/uploads\/classe-retallada-text-catala-400x441.png 400w, https:\/\/annaflores.es\/wp-content\/uploads\/classe-retallada-text-catala-600x661.png 600w, https:\/\/annaflores.es\/wp-content\/uploads\/classe-retallada-text-catala-768x846.png 768w, https:\/\/annaflores.es\/wp-content\/uploads\/classe-retallada-text-catala-800x881.png 800w, https:\/\/annaflores.es\/wp-content\/uploads\/classe-retallada-text-catala.png 835w\" data-srcset=\"https:\/\/annaflores.es\/wp-content\/uploads\/classe-retallada-text-catala-11x12.png 11w, https:\/\/annaflores.es\/wp-content\/uploads\/classe-retallada-text-catala-200x220.png 200w, https:\/\/annaflores.es\/wp-content\/uploads\/classe-retallada-text-catala-272x300.png 272w, https:\/\/annaflores.es\/wp-content\/uploads\/classe-retallada-text-catala-400x441.png 400w, https:\/\/annaflores.es\/wp-content\/uploads\/classe-retallada-text-catala-600x661.png 600w, https:\/\/annaflores.es\/wp-content\/uploads\/classe-retallada-text-catala-768x846.png 768w, https:\/\/annaflores.es\/wp-content\/uploads\/classe-retallada-text-catala-800x881.png 800w, https:\/\/annaflores.es\/wp-content\/uploads\/classe-retallada-text-catala.png 835w\" data-sizes=\"auto\" data-orig-sizes=\"(max-width: 1024px) 100vw, (max-width: 640px) 100vw, 800px\" \/><\/span><\/div><\/div><\/div><\/div><\/div><div class=\"fusion-fullwidth fullwidth-box fusion-builder-row-6 fusion-flex-container has-pattern-background has-mask-background nonhundred-percent-fullwidth non-hundred-percent-height-scrolling\" style=\"--awb-border-radius-top-left:0px;--awb-border-radius-top-right:0px;--awb-border-radius-bottom-right:0px;--awb-border-radius-bottom-left:0px;--awb-flex-wrap:wrap;\" ><div class=\"fusion-builder-row fusion-row fusion-flex-align-items-flex-start fusion-flex-content-wrap\" style=\"max-width:1424.8px;margin-left: calc(-4% \/ 2 );margin-right: calc(-4% \/ 2 );\"><div class=\"fusion-layout-column fusion_builder_column fusion-builder-column-13 fusion_builder_column_1_1 1_1 fusion-flex-column\" style=\"--awb-bg-size:cover;--awb-width-large:100%;--awb-margin-top-large:0px;--awb-spacing-right-large:1.92%;--awb-margin-bottom-large:20px;--awb-spacing-left-large:1.92%;--awb-width-medium:100%;--awb-order-medium:0;--awb-spacing-right-medium:1.92%;--awb-spacing-left-medium:1.92%;--awb-width-small:100%;--awb-order-small:0;--awb-spacing-right-small:1.92%;--awb-spacing-left-small:1.92%;\"><div class=\"fusion-column-wrapper fusion-column-has-shadow fusion-flex-justify-content-flex-start fusion-content-layout-column\"><div class=\"fusion-text fusion-text-6\"><h3 class=\"fusion-responsive-typography-calculated\" data-fontsize=\"20\" data-lineheight=\"30px\">Aquest curs de PNL Aplicada al Coaching NO \u00e9s per a tu si\u2026<\/h3>\n<ul>\n<li>Busques \u00fanicament informaci\u00f3 te\u00f2rica, desconnectada completament de qualsevol tipus d&#039;aplicaci\u00f3 pr\u00e0ctica o experi\u00e8ncia real.<\/li>\n<li>Creus que con\u00e8ixer o saber els conceptes d&#039;una disciplina \u00e9s exactament el mateix que saber aplicar-la amb criteri per generar canvis profunds i sostenibles,<\/li>\n<li>Vols trobar &quot;t\u00e8cniques m\u00e0giques&quot; que ofereixin resultats immediats, sense necessitat d&#039;aprofundir els fonaments ni de comprometre&#039;t amb un proc\u00e9s d&#039;aprenentatge genu\u00ed.<\/li>\n<li>No tens intenci\u00f3 real de practicar all\u00f2 que aprens ni de treballar de forma conscient i constant amb tu mateix o amb tu mateixa.<\/li>\n<li>No desitges dedicar temps a practicar durant la formaci\u00f3 fora de l&#039;aula, evitant aix\u00ed integrar all\u00f2 que s&#039;ha apr\u00e8s m\u00e9s enll\u00e0 del moment te\u00f2ric.<\/li>\n<li>No est\u00e0s disposat o disposada a assumir el comprom\u00eds seri\u00f3s, continu i responsable que implica formar-te com a professional en aquesta disciplina.<\/li>\n<li>No vols entrenar-te de manera sistem\u00e0tica per desenvolupar progressivament les habilitats necess\u00e0ries que et permetin fer un treball s\u00f2lid, \u00e8tic i de qualitat.<\/li>\n<li>Si tampoc vols rebre l&#039;acompanyament proper i estructurat d&#039;una persona entrenadora internacional a Coaching i PNL, amb d\u00e8cades d&#039;experi\u00e8ncia a l&#039;esquena.<\/li>\n<\/ul>\n<\/div><\/div><\/div><\/div><\/div><div class=\"fusion-fullwidth fullwidth-box fusion-builder-row-7 fusion-flex-container has-pattern-background has-mask-background nonhundred-percent-fullwidth non-hundred-percent-height-scrolling\" style=\"--awb-border-radius-top-left:0px;--awb-border-radius-top-right:0px;--awb-border-radius-bottom-right:0px;--awb-border-radius-bottom-left:0px;--awb-margin-bottom:20px;--awb-flex-wrap:wrap;\" ><div class=\"fusion-builder-row fusion-row fusion-flex-align-items-flex-start fusion-flex-content-wrap\" style=\"max-width:1424.8px;margin-left: calc(-4% \/ 2 );margin-right: calc(-4% \/ 2 );\"><div class=\"fusion-layout-column fusion_builder_column fusion-builder-column-14 fusion_builder_column_1_1 1_1 fusion-flex-column\" style=\"--awb-bg-size:cover;--awb-width-large:100%;--awb-margin-top-large:0px;--awb-spacing-right-large:1.92%;--awb-margin-bottom-large:20px;--awb-spacing-left-large:1.92%;--awb-width-medium:100%;--awb-order-medium:0;--awb-spacing-right-medium:1.92%;--awb-spacing-left-medium:1.92%;--awb-width-small:100%;--awb-order-small:0;--awb-spacing-right-small:1.92%;--awb-spacing-left-small:1.92%;\"><div class=\"fusion-column-wrapper fusion-column-has-shadow fusion-flex-justify-content-flex-start fusion-content-layout-column\"><div class=\"fusion-title title fusion-title-5 fusion-title-text fusion-title-size-two\" style=\"--awb-margin-top-small:0px;--awb-margin-right-small:0px;--awb-margin-bottom-small:10px;--awb-margin-left-small:0px;\"><div class=\"title-sep-container title-sep-container-left fusion-no-large-visibility fusion-no-medium-visibility fusion-no-small-visibility\"><div class=\"title-sep sep-double sep-solid\" style=\"border-color:#e0dede;\"><\/div><\/div><span class=\"awb-title-spacer fusion-no-large-visibility fusion-no-medium-visibility fusion-no-small-visibility\"><\/span><h2 class=\"fusion-title-heading title-heading-left fusion-responsive-typography-calculated\" style=\"margin:0;--fontSize:24;line-height:1.5;\">Altres preguntes freq\u00fcents (FAQ) sobre el curs Coach Certificat a PNL Aplicada<\/h2><span class=\"awb-title-spacer\"><\/span><div class=\"title-sep-container title-sep-container-right\"><div class=\"title-sep sep-double sep-solid\" style=\"border-color:#e0dede;\"><\/div><\/div><\/div><div class=\"accordian fusion-accordian\" style=\"--awb-border-size:1px;--awb-icon-size:13px;--awb-content-font-size:16px;--awb-icon-alignment:left;--awb-hover-color:#f9f9f9;--awb-border-color:#cccccc;--awb-background-color:#ffffff;--awb-divider-color:#e0dede;--awb-divider-hover-color:#e0dede;--awb-icon-color:#ffffff;--awb-title-color:#567fa9;--awb-content-color:#747474;--awb-icon-box-color:#333333;--awb-toggle-hover-accent-color:#515471;--awb-title-font-family:&quot;PT Sans&quot;;--awb-title-font-weight:400;--awb-title-font-style:normal;--awb-title-font-size:var(--awb-typography2-font-size);--awb-content-font-family:&quot;PT Sans&quot;;--awb-content-font-style:normal;--awb-content-font-weight:400;\"><div class=\"panel-group fusion-toggle-icon-boxed\" id=\"accordion-23857-3\"><div class=\"fusion-panel panel-default panel-fcebfcfba1f6a9c84 fusion-toggle-has-divider\" style=\"--awb-title-color:#567fa9;--awb-content-color:#747474;\"><div class=\"panel-heading\"><h4 class=\"panel-title toggle\" id=\"toggle_fcebfcfba1f6a9c84\"><a aria-expanded=\"false\" aria-controls=\"fcebfcfba1f6a9c84\" role=\"button\" data-toggle=\"collapse\" data-target=\"#fcebfcfba1f6a9c84\" href=\"#fcebfcfba1f6a9c84\"><span class=\"fusion-toggle-icon-wrapper\" aria-hidden=\"true\"><i class=\"fa-fusion-box active-icon awb-icon-minus\" aria-hidden=\"true\"><\/i><i class=\"fa-fusion-box inactive-icon awb-icon-plus\" aria-hidden=\"true\"><\/i><\/span><span class=\"fusion-toggle-heading\">Aquest curs est\u00e0 certificat oficialment?<\/span><\/a><\/h4><\/div><div id=\"fcebfcfba1f6a9c84\" class=\"panel-collapse collapse\" aria-labelledby=\"toggle_fcebfcfba1f6a9c84\"><div class=\"panel-body toggle-content fusion-clearfix\">\n<p>S\u00ed. En acabar rebr\u00e0s la <strong>certificaci\u00f3 de Coach a PNL Aplicada avalada per l&#039;AHPNL (Associaci\u00f3 Hispanoamericana de PNL)<\/strong>, la qual cosa garanteix la qualitat i reconeixement professional de la formaci\u00f3.<\/p>\n<\/div><\/div><\/div><div class=\"fusion-panel panel-default panel-9334afe21ee713682 fusion-toggle-has-divider\" style=\"--awb-title-color:#567fa9;--awb-content-color:#747474;\"><div class=\"panel-heading\"><h4 class=\"panel-title toggle\" id=\"toggle_9334afe21ee713682\"><a aria-expanded=\"false\" aria-controls=\"9334afe21ee713682\" role=\"button\" data-toggle=\"collapse\" data-target=\"#9334afe21ee713682\" href=\"#9334afe21ee713682\"><span class=\"fusion-toggle-icon-wrapper\" aria-hidden=\"true\"><i class=\"fa-fusion-box active-icon awb-icon-minus\" aria-hidden=\"true\"><\/i><i class=\"fa-fusion-box inactive-icon awb-icon-plus\" aria-hidden=\"true\"><\/i><\/span><span class=\"fusion-toggle-heading\">Puc fer el curs sense experi\u00e8ncia pr\u00e8via a Coaching o PNL?<\/span><\/a><\/h4><\/div><div id=\"9334afe21ee713682\" class=\"panel-collapse collapse\" aria-labelledby=\"toggle_9334afe21ee713682\"><div class=\"panel-body toggle-content fusion-clearfix\">\n<p>S\u00ed. El curs de Coach Certificat a PNL, presencial o online, est\u00e0 dissenyat per acompanyar-te des de la pr\u00e0ctica i l&#039;experi\u00e8ncia real, proporcionant les eines necess\u00e0ries perqu\u00e8 adquireixis criteri professional, fins i tot si \u00e9s la teva primera formaci\u00f3 a Coaching o PNL.<\/p>\n<\/div><\/div><\/div><div class=\"fusion-panel panel-default panel-17af430d04aaa1c17 fusion-toggle-has-divider\" style=\"--awb-title-color:#567fa9;--awb-content-color:#747474;\"><div class=\"panel-heading\"><h4 class=\"panel-title toggle\" id=\"toggle_17af430d04aaa1c17\"><a aria-expanded=\"false\" aria-controls=\"17af430d04aaa1c17\" role=\"button\" data-toggle=\"collapse\" data-target=\"#17af430d04aaa1c17\" href=\"#17af430d04aaa1c17\"><span class=\"fusion-toggle-icon-wrapper\" aria-hidden=\"true\"><i class=\"fa-fusion-box active-icon awb-icon-minus\" aria-hidden=\"true\"><\/i><i class=\"fa-fusion-box inactive-icon awb-icon-plus\" aria-hidden=\"true\"><\/i><\/span><span class=\"fusion-toggle-heading\">Com s&#039;imparteix la formaci\u00f3?<\/span><\/a><\/h4><\/div><div id=\"17af430d04aaa1c17\" class=\"panel-collapse collapse\" aria-labelledby=\"toggle_17af430d04aaa1c17\"><div class=\"panel-body toggle-content fusion-clearfix\">\n<p>Tens l&#039;opci\u00f3 de <strong>formaci\u00f3 presencial o per videoconfer\u00e8ncia en directe<\/strong>, segons l&#039;edici\u00f3. A m\u00e9s, pots triar entre tres formats:<\/p>\n<ul>\n<li>Setmanal de matins<\/li>\n<li>Setmanal de tardes<\/li>\n<li>Intensiu de caps de setmana<\/li>\n<\/ul>\n<\/div><\/div><\/div><div class=\"fusion-panel panel-default panel-9f1d9f17765b715ce fusion-toggle-has-divider\" style=\"--awb-title-color:#567fa9;--awb-content-color:#747474;\"><div class=\"panel-heading\"><h4 class=\"panel-title toggle\" id=\"toggle_9f1d9f17765b715ce\"><a aria-expanded=\"false\" aria-controls=\"9f1d9f17765b715ce\" role=\"button\" data-toggle=\"collapse\" data-target=\"#9f1d9f17765b715ce\" href=\"#9f1d9f17765b715ce\"><span class=\"fusion-toggle-icon-wrapper\" aria-hidden=\"true\"><i class=\"fa-fusion-box active-icon awb-icon-minus\" aria-hidden=\"true\"><\/i><i class=\"fa-fusion-box inactive-icon awb-icon-plus\" aria-hidden=\"true\"><\/i><\/span><span class=\"fusion-toggle-heading\">Quant de temps dura el curs i com s&#039;organitza?<\/span><\/a><\/h4><\/div><div id=\"9f1d9f17765b715ce\" class=\"panel-collapse collapse\" aria-labelledby=\"toggle_9f1d9f17765b715ce\"><div class=\"panel-body toggle-content fusion-clearfix\">\n<p>El curs combina m\u00f2duls te\u00f2rics i pr\u00e0ctics, amb <strong>grups redu\u00efts<\/strong>, materials de suport i <strong>pr\u00e0ctiques obligat\u00f2ries entre m\u00f2duls<\/strong>, per assegurar aprenentatge profund i seguiment personalitzat.<\/p>\n<p>Depenent del format que escullis tens des de<strong> 96 a 102 hores totals.<\/strong> Aquesta difer\u00e8ncia est\u00e0 calculada perqu\u00e8 cada alumne, sense importar el format que escullis, acabi la formaci\u00f3 amb les mateixes habilitats, eines i coneixements. Podeu revisar els detalls a l&#039;apartat de m\u00e9s amunt <strong>formats i horais<\/strong>.<\/p>\n<\/div><\/div><\/div><div class=\"fusion-panel panel-default panel-46055b14dad800b24 fusion-toggle-has-divider\" style=\"--awb-title-color:#567fa9;--awb-content-color:#747474;\"><div class=\"panel-heading\"><h4 class=\"panel-title toggle\" id=\"toggle_46055b14dad800b24\"><a aria-expanded=\"false\" aria-controls=\"46055b14dad800b24\" role=\"button\" data-toggle=\"collapse\" data-target=\"#46055b14dad800b24\" href=\"#46055b14dad800b24\"><span class=\"fusion-toggle-icon-wrapper\" aria-hidden=\"true\"><i class=\"fa-fusion-box active-icon awb-icon-minus\" aria-hidden=\"true\"><\/i><i class=\"fa-fusion-box inactive-icon awb-icon-plus\" aria-hidden=\"true\"><\/i><\/span><span class=\"fusion-toggle-heading\">Quines habilitats desenvolupar\u00e9 durant la formaci\u00f3?<\/span><\/a><\/h4><\/div><div id=\"46055b14dad800b24\" class=\"panel-collapse collapse\" aria-labelledby=\"toggle_46055b14dad800b24\"><div class=\"panel-body toggle-content fusion-clearfix\">\n<p>Durant el curs de <strong>Coach Certificat en PNL Aplicada<\/strong> desenvolupar\u00e0s habilitats concretes i aplicables des del primer dia, entre elles:<\/p>\n<ul>\n<li><strong>Conduir sessions de coaching amb seguretat i claredat<\/strong>, sabent qu\u00e8 fer a cada moment.<\/li>\n<li><strong>Aplicar t\u00e8cniques de PNL de forma \u00e8tica i efica\u00e7<\/strong>, adaptant-les a cada persona i situaci\u00f3.<\/li>\n<li><strong>Escoltar i acompanyar amb profunditat<\/strong>, detectant necessitats, bloquejos i recursos dels teus clients.<\/li>\n<li><strong>Prendre decisions professionals amb criteri propi<\/strong>, seleccionant l&#039;eina o la intervenci\u00f3 m\u00e9s adequada.<\/li>\n<li><strong>Guiar processos complets de canvi<\/strong>, des de la primera sessi\u00f3 fins al tancament.<\/li>\n<li><strong>Desenvolupar el teu estil propi com a coach<\/strong>, combinant t\u00e8cnica, pres\u00e8ncia i comunicaci\u00f3 efectiva.<\/li>\n<li><strong>Donar i rebre feedback constructiu<\/strong>, per millorar la teva pr\u00e0ctica i confian\u00e7a cont\u00ednuament.<\/li>\n<li><strong>Integrar l&#039;aprenentatge pr\u00e0ctic i te\u00f2ric<\/strong>, assegurant que el que aprens es pugui aplicar immediatament en sessions reals.<\/li>\n<\/ul>\n<\/div><\/div><\/div><div class=\"fusion-panel panel-default panel-dc90de8a9e9fec9ad fusion-toggle-has-divider\" style=\"--awb-title-color:#567fa9;--awb-content-color:#747474;\"><div class=\"panel-heading\"><h4 class=\"panel-title toggle\" id=\"toggle_dc90de8a9e9fec9ad\"><a aria-expanded=\"false\" aria-controls=\"dc90de8a9e9fec9ad\" role=\"button\" data-toggle=\"collapse\" data-target=\"#dc90de8a9e9fec9ad\" href=\"#dc90de8a9e9fec9ad\"><span class=\"fusion-toggle-icon-wrapper\" aria-hidden=\"true\"><i class=\"fa-fusion-box active-icon awb-icon-minus\" aria-hidden=\"true\"><\/i><i class=\"fa-fusion-box inactive-icon awb-icon-plus\" aria-hidden=\"true\"><\/i><\/span><span class=\"fusion-toggle-heading\">Quins temes s&#039;aborden al programa Coach Certificat a PNL Aplicada?<\/span><\/a><\/h4><\/div><div id=\"dc90de8a9e9fec9ad\" class=\"panel-collapse collapse\" aria-labelledby=\"toggle_dc90de8a9e9fec9ad\"><div class=\"panel-body toggle-content fusion-clearfix\">\n<p>El curs integra Coaching professional i Programaci\u00f3 Neuroling\u00fc\u00edstica (PNL) perqu\u00e8 aprenguis a acompanyar processos de canvi de manera efectiva.<\/p>\n<p>Treballar\u00e0s l&#039;estructura d&#039;una sessi\u00f3 de coaching, l&#039;\u00fas del llenguatge i les preguntes poderoses, la detecci\u00f3 i la transformaci\u00f3 de creences limitants i bloquejos emocionals, i l&#039;aplicaci\u00f3 pr\u00e0ctica d&#039;eines de PNL per generar canvis profunds i duradors.<\/p>\n<\/div><\/div><\/div><div class=\"fusion-panel panel-default panel-16b369838ee6816ca fusion-toggle-has-divider\" style=\"--awb-title-color:#567fa9;--awb-content-color:#747474;\"><div class=\"panel-heading\"><h4 class=\"panel-title toggle\" id=\"toggle_16b369838ee6816ca\"><a aria-expanded=\"false\" aria-controls=\"16b369838ee6816ca\" role=\"button\" data-toggle=\"collapse\" data-target=\"#16b369838ee6816ca\" href=\"#16b369838ee6816ca\"><span class=\"fusion-toggle-icon-wrapper\" aria-hidden=\"true\"><i class=\"fa-fusion-box active-icon awb-icon-minus\" aria-hidden=\"true\"><\/i><i class=\"fa-fusion-box inactive-icon awb-icon-plus\" aria-hidden=\"true\"><\/i><\/span><span class=\"fusion-toggle-heading\">El curs inclou pr\u00e0ctiques supervisades?<\/span><\/a><\/h4><\/div><div id=\"16b369838ee6816ca\" class=\"panel-collapse collapse\" aria-labelledby=\"toggle_16b369838ee6816ca\"><div class=\"panel-body toggle-content fusion-clearfix\">\n<p>S\u00ed, es fan pr\u00e0ctiques supervisades per assegurar la correcta aplicaci\u00f3 de les t\u00e8cniques apreses durant la formaci\u00f3.<\/p>\n<\/div><\/div><\/div><div class=\"fusion-panel panel-default panel-cae1e084b99fd21d4 fusion-toggle-has-divider\" style=\"--awb-title-color:#567fa9;--awb-content-color:#747474;\"><div class=\"panel-heading\"><h4 class=\"panel-title toggle\" id=\"toggle_cae1e084b99fd21d4\"><a aria-expanded=\"false\" aria-controls=\"cae1e084b99fd21d4\" role=\"button\" data-toggle=\"collapse\" data-target=\"#cae1e084b99fd21d4\" href=\"#cae1e084b99fd21d4\"><span class=\"fusion-toggle-icon-wrapper\" aria-hidden=\"true\"><i class=\"fa-fusion-box active-icon awb-icon-minus\" aria-hidden=\"true\"><\/i><i class=\"fa-fusion-box inactive-icon awb-icon-plus\" aria-hidden=\"true\"><\/i><\/span><span class=\"fusion-toggle-heading\">Quins beneficis obtindr\u00e9 en formar-me a Coach Certificat a PNL Aplicada?<\/span><\/a><\/h4><\/div><div id=\"cae1e084b99fd21d4\" class=\"panel-collapse collapse\" aria-labelledby=\"toggle_cae1e084b99fd21d4\"><div class=\"panel-body toggle-content fusion-clearfix\">\n<p>En completar aquest curs, no nom\u00e9s haur\u00e0s adquirit coneixements i t\u00e8cniques de PNL, sin\u00f3 que obtindr\u00e0s <strong>beneficis reals i aplicables<\/strong> a la teva vida professional i personal:<\/p>\n<ul>\n<li><strong>Seguretat i confian\u00e7a professional<\/strong>: sabr\u00e0s com conduir sessions de coaching amb claredat, criteri i efic\u00e0cia.<\/li>\n<li><strong>Reconeixement oficial<\/strong>: obtindr\u00e0s la <strong>certificaci\u00f3 avalada per l&#039;AHPNL<\/strong>, el que recolza la teva formaci\u00f3 davant de clients i ocupadors.<\/li>\n<li><strong>Habilitats pr\u00e0ctiques immediates<\/strong>: podr\u00e0s aplicar eines del Coaching amb PNL des del primer dia en sessions reals, amb clients o al teu entorn professional.<\/li>\n<li><strong>Desenvolupament del teu estil propi com a Coach<\/strong>: no es tracta de copiar, sin\u00f3 integrar les t\u00e8cniques i adaptar-les a la teva manera d&#039;acompanyar.<\/li>\n<li><strong>Capacitat per acompanyar processos complets de canvi<\/strong>: des de la primera presa de contacte fins al tancament, amb resultats sostenibles.<\/li>\n<li><strong>Creixement personal i professional<\/strong>: millorar\u00e0s la teva capacitat d&#039;escolta, comunicaci\u00f3, empatia i maneig d&#039;emocions, tant a la teva vida com a la teva pr\u00e0ctica professional.<\/li>\n<li><strong>Major diferenciaci\u00f3 i competitivitat<\/strong>: destaques davant d&#039;altres professionals per la teva formaci\u00f3 pr\u00e0ctica, \u00e8tica i reconeguda a PNL aplicada al Coaching.<\/li>\n<\/ul>\n<p>Vols que faci aix\u00f2?<\/p>\n<\/div><\/div><\/div><div class=\"fusion-panel panel-default panel-99029cb2cd7928cf4 fusion-toggle-has-divider\" style=\"--awb-title-color:#567fa9;--awb-content-color:#747474;\"><div class=\"panel-heading\"><h4 class=\"panel-title toggle\" id=\"toggle_99029cb2cd7928cf4\"><a aria-expanded=\"false\" aria-controls=\"99029cb2cd7928cf4\" role=\"button\" data-toggle=\"collapse\" data-target=\"#99029cb2cd7928cf4\" href=\"#99029cb2cd7928cf4\"><span class=\"fusion-toggle-icon-wrapper\" aria-hidden=\"true\"><i class=\"fa-fusion-box active-icon awb-icon-minus\" aria-hidden=\"true\"><\/i><i class=\"fa-fusion-box inactive-icon awb-icon-plus\" aria-hidden=\"true\"><\/i><\/span><span class=\"fusion-toggle-heading\">Tindr\u00e9 acompanyament personalitzat durant la formaci\u00f3?<\/span><\/a><\/h4><\/div><div id=\"99029cb2cd7928cf4\" class=\"panel-collapse collapse\" aria-labelledby=\"toggle_99029cb2cd7928cf4\"><div class=\"panel-body toggle-content fusion-clearfix\">\n<p>S\u00ed. Cada alumne rep <strong>feedback directe i supervisi\u00f3<\/strong>, per refor\u00e7ar la pr\u00e0ctica i desenvolupar confian\u00e7a a les sessions de coaching des de l&#039;inici.<\/p>\n<\/div><\/div><\/div><div class=\"fusion-panel panel-default panel-9ccda38a882399b25 fusion-toggle-has-divider\" style=\"--awb-title-color:#567fa9;--awb-content-color:#747474;\"><div class=\"panel-heading\"><h4 class=\"panel-title toggle\" id=\"toggle_9ccda38a882399b25\"><a aria-expanded=\"false\" aria-controls=\"9ccda38a882399b25\" role=\"button\" data-toggle=\"collapse\" data-target=\"#9ccda38a882399b25\" href=\"#9ccda38a882399b25\"><span class=\"fusion-toggle-icon-wrapper\" aria-hidden=\"true\"><i class=\"fa-fusion-box active-icon awb-icon-minus\" aria-hidden=\"true\"><\/i><i class=\"fa-fusion-box inactive-icon awb-icon-plus\" aria-hidden=\"true\"><\/i><\/span><span class=\"fusion-toggle-heading\">Quins resultats puc esperar en acabar el curs?<\/span><\/a><\/h4><\/div><div id=\"9ccda38a882399b25\" class=\"panel-collapse collapse\" aria-labelledby=\"toggle_9ccda38a882399b25\"><div class=\"panel-body toggle-content fusion-clearfix\">\n<p>En finalitzar:<\/p>\n<ul>\n<li>Tindr\u00e0s <strong>seguretat i criteri professional<\/strong> per treballar amb clients.<\/li>\n<li>Podr\u00e0s <strong>conduir processos complets de coaching amb PNL aplicada<\/strong>.<\/li>\n<li>Sortir\u00e0s <strong>preparat\/da per exercir professionalment<\/strong>, amb habilitats pr\u00e0ctiques i un estil propi.<\/li>\n<\/ul>\n<\/div><\/div><\/div><div class=\"fusion-panel panel-default panel-1d6f45f5bbc924d39 fusion-toggle-has-divider\" style=\"--awb-title-color:#567fa9;--awb-content-color:#747474;\"><div class=\"panel-heading\"><h4 class=\"panel-title toggle\" id=\"toggle_1d6f45f5bbc924d39\"><a aria-expanded=\"false\" aria-controls=\"1d6f45f5bbc924d39\" role=\"button\" data-toggle=\"collapse\" data-target=\"#1d6f45f5bbc924d39\" href=\"#1d6f45f5bbc924d39\"><span class=\"fusion-toggle-icon-wrapper\" aria-hidden=\"true\"><i class=\"fa-fusion-box active-icon awb-icon-minus\" aria-hidden=\"true\"><\/i><i class=\"fa-fusion-box inactive-icon awb-icon-plus\" aria-hidden=\"true\"><\/i><\/span><span class=\"fusion-toggle-heading\">Cal algun comprom\u00eds addicional fora de les classes?<\/span><\/a><\/h4><\/div><div id=\"1d6f45f5bbc924d39\" class=\"panel-collapse collapse\" aria-labelledby=\"toggle_1d6f45f5bbc924d39\"><div class=\"panel-body toggle-content fusion-clearfix\">\n<p>S\u00ed. El curs inclou <strong>pr\u00e0ctiques obligat\u00f2ries entre m\u00f2duls<\/strong>, per integrar all\u00f2 apr\u00e8s i enfortir el teu desenvolupament com a coach. Aix\u00f2 assegura que no nom\u00e9s adquirisques teoria, sin\u00f3 habilitats aplicables en sessions reals.<\/p>\n<\/div><\/div><\/div><div class=\"fusion-panel panel-default panel-064afa39331161120 fusion-toggle-has-divider\" style=\"--awb-title-color:#567fa9;--awb-content-color:#747474;\"><div class=\"panel-heading\"><h4 class=\"panel-title toggle\" id=\"toggle_064afa39331161120\"><a aria-expanded=\"false\" aria-controls=\"064afa39331161120\" role=\"button\" data-toggle=\"collapse\" data-target=\"#064afa39331161120\" href=\"#064afa39331161120\"><span class=\"fusion-toggle-icon-wrapper\" aria-hidden=\"true\"><i class=\"fa-fusion-box active-icon awb-icon-minus\" aria-hidden=\"true\"><\/i><i class=\"fa-fusion-box inactive-icon awb-icon-plus\" aria-hidden=\"true\"><\/i><\/span><span class=\"fusion-toggle-heading\">Puc compatibilitzar aquest curs amb la meva feina o estudis?<\/span><\/a><\/h4><\/div><div id=\"064afa39331161120\" class=\"panel-collapse collapse\" aria-labelledby=\"toggle_064afa39331161120\"><div class=\"panel-body toggle-content fusion-clearfix\">\n<p>S\u00ed. Els diferents <strong>formats i horaris<\/strong> estan pensats perqu\u00e8 puguis organitzar el teu aprenentatge sense interrompre la teva vida professional o personal.<\/p>\n<\/div><\/div><\/div><div class=\"fusion-panel panel-default panel-9671a0f99accc4cce fusion-toggle-has-divider\" style=\"--awb-title-color:#567fa9;--awb-content-color:#747474;\"><div class=\"panel-heading\"><h4 class=\"panel-title toggle\" id=\"toggle_9671a0f99accc4cce\"><a aria-expanded=\"false\" aria-controls=\"9671a0f99accc4cce\" role=\"button\" data-toggle=\"collapse\" data-target=\"#9671a0f99accc4cce\" href=\"#9671a0f99accc4cce\"><span class=\"fusion-toggle-icon-wrapper\" aria-hidden=\"true\"><i class=\"fa-fusion-box active-icon awb-icon-minus\" aria-hidden=\"true\"><\/i><i class=\"fa-fusion-box inactive-icon awb-icon-plus\" aria-hidden=\"true\"><\/i><\/span><span class=\"fusion-toggle-heading\">Qu\u00e8 diferencia aquest curs d&#039;altres cursos de Coaching o PNL?<\/span><\/a><\/h4><\/div><div id=\"9671a0f99accc4cce\" class=\"panel-collapse collapse\" aria-labelledby=\"toggle_9671a0f99accc4cce\"><div class=\"panel-body toggle-content fusion-clearfix\">\n<p>Aquest curs <strong>neix de l&#039;experi\u00e8ncia real en consulta i formaci\u00f3<\/strong>, no nom\u00e9s d&#039;un manual. Formem els alumnes perqu\u00e8 acompanyin amb efic\u00e0cia, \u00e8tica i seguretat, combinant teoria, pr\u00e0ctica supervisada i desenvolupament personal.<\/p>\n<\/div><\/div><\/div><div class=\"fusion-panel panel-default panel-019d5ab8579132096 fusion-toggle-has-divider\" style=\"--awb-title-color:#567fa9;--awb-content-color:#747474;\"><div class=\"panel-heading\"><h4 class=\"panel-title toggle\" id=\"toggle_019d5ab8579132096\"><a aria-expanded=\"false\" aria-controls=\"019d5ab8579132096\" role=\"button\" data-toggle=\"collapse\" data-target=\"#019d5ab8579132096\" href=\"#019d5ab8579132096\"><span class=\"fusion-toggle-icon-wrapper\" aria-hidden=\"true\"><i class=\"fa-fusion-box active-icon awb-icon-minus\" aria-hidden=\"true\"><\/i><i class=\"fa-fusion-box inactive-icon awb-icon-plus\" aria-hidden=\"true\"><\/i><\/span><span class=\"fusion-toggle-heading\"> Com m&#039;inscric i quan comen\u00e7a la propera edici\u00f3?<\/span><\/a><\/h4><\/div><div id=\"019d5ab8579132096\" class=\"panel-collapse collapse\" aria-labelledby=\"toggle_019d5ab8579132096\"><div class=\"panel-body toggle-content fusion-clearfix\">\n<p>Pots inscriure&#039;t directament des de la web, <strong>al final d&#039;aquesta p\u00e0gina<\/strong>.<br \/>\nAqu\u00ed trobar\u00e0s les dates i horaris de les properes edicions.<br \/>\nLa inscripci\u00f3 queda formalitzada i assegurada la teva pla\u00e7a al curs en acabar el proc\u00e9s de pagament.<\/p>\n<p>M\u00e9s informaci\u00f3 al <strong>apartat preus i condicions.<\/strong><\/p>\n<\/div><\/div><\/div><\/div><\/div><\/div><\/div><\/div><\/div><div class=\"fusion-fullwidth fullwidth-box fusion-builder-row-8 fusion-flex-container has-pattern-background has-mask-background nonhundred-percent-fullwidth non-hundred-percent-height-scrolling\" style=\"--awb-border-radius-top-left:0px;--awb-border-radius-top-right:0px;--awb-border-radius-bottom-right:0px;--awb-border-radius-bottom-left:0px;--awb-flex-wrap:wrap;\" ><div class=\"fusion-builder-row fusion-row fusion-flex-align-items-flex-start fusion-flex-content-wrap\" style=\"max-width:1424.8px;margin-left: calc(-4% \/ 2 );margin-right: calc(-4% \/ 2 );\"><div class=\"fusion-layout-column fusion_builder_column fusion-builder-column-15 fusion_builder_column_1_1 1_1 fusion-flex-column\" style=\"--awb-bg-blend:overlay;--awb-bg-size:cover;--awb-width-large:100%;--awb-margin-top-large:0px;--awb-spacing-right-large:1.92%;--awb-margin-bottom-large:20px;--awb-spacing-left-large:1.92%;--awb-width-medium:100%;--awb-spacing-right-medium:1.92%;--awb-spacing-left-medium:1.92%;--awb-width-small:100%;--awb-spacing-right-small:1.92%;--awb-spacing-left-small:1.92%;\"><div class=\"fusion-column-wrapper fusion-flex-justify-content-flex-start fusion-content-layout-column\"><div class=\"fusion-title title fusion-title-6 fusion-title-text fusion-title-size-two\" style=\"--awb-margin-top-small:0px;--awb-margin-right-small:0px;--awb-margin-bottom-small:10px;--awb-margin-left-small:0px;\"><div class=\"title-sep-container title-sep-container-left fusion-no-large-visibility fusion-no-medium-visibility fusion-no-small-visibility\"><div class=\"title-sep sep-double sep-solid\" style=\"border-color:#e0dede;\"><\/div><\/div><span class=\"awb-title-spacer fusion-no-large-visibility fusion-no-medium-visibility fusion-no-small-visibility\"><\/span><h2 class=\"fusion-title-heading title-heading-left fusion-responsive-typography-calculated\" style=\"margin:0;--fontSize:24;line-height:1.5;\">Qu\u00e8 diuen els alumnes?<\/h2><span class=\"awb-title-spacer\"><\/span><div class=\"title-sep-container title-sep-container-right\"><div class=\"title-sep sep-double sep-solid\" style=\"border-color:#e0dede;\"><\/div><\/div><\/div><div class=\"fusion-testimonials classic awb-speech-bubble-show fusion-testimonials-1\" style=\"--awb-textcolor:#747474;--awb-backgroundcolor:#f6f6f6;--awb-testimonial-border-style:solid;--awb-testimonial-border-color:var(--awb-color3);--awb-border-top-left-radius:0px;--awb-border-top-right-radius:0px;--awb-border-bottom-left-radius:0px;--awb-border-bottom-right-radius:0px;--testimonial-border-width-top:0px;--testimonial-border-width-right:0px;--testimonial-border-width-bottom:0px;--testimonial-border-width-left:0px;\" data-random=\"0\" data-speed=\"4000\"><div class=\"reviews\"><div class=\"review active-testimonial male\"><blockquote><div class=\"awb-quote\"><div class=\"awb-quote-content\">Quan vaig contactar amb Anna, sabia que necessitava alguns canvis a la meva vida, per\u00f2 no sabia per on comen\u00e7ar. Amb l&#039;Anna, no nom\u00e9s vaig descobrir el cam\u00ed, sin\u00f3 que a m\u00e9s he conegut gent fant\u00e0stica.<br \/>\nAra em dedico a acompanyar altres persones a trobar el seu.<br \/>\nAnna, una gran professional i persona que, amb la seva for\u00e7a i claredat en dir les coses, t&#039;envaeix d&#039;una energia i un \u00edmpetu per lluitar contra totes les adversitats.<br \/>\nMoltes gr\u00e0cies, Anna per aquest any tan inoblidable i productiu.<\/div><\/div><span class=\"awb-triangle\"><\/span><\/blockquote><div class=\"author\"><span class=\"testimonial-thumbnail doe\"><\/span><span class=\"company-name\"><strong>Sergi Carmona Romero<\/strong><\/span><\/div><\/div><div class=\"review male\"><blockquote><div class=\"awb-quote\"><div class=\"awb-quote-content\">Anna Flores \u00e9s una persona transparent, entregada, professional, divertida, sincera, emp\u00e0tica i sobretot molt compromesa amb la difusi\u00f3 de la PNL i de treure la millor versi\u00f3 dels alumnes que forma.<br \/>\nPer mi ha estat tot un encert triar Anna per fer aquesta formaci\u00f3. Si voleu una formaci\u00f3 de qualitat que us aporti un valor diferencial a la vostra carrera com a Coaches no dubteu en, com a m\u00ednim, parlar amb Anna perqu\u00e8 us informe.<\/div><\/div><span class=\"awb-triangle\"><\/span><\/blockquote><div class=\"author\"><span class=\"testimonial-thumbnail doe\"><\/span><span class=\"company-name\"><strong>Javier Dom\u00ednguez<\/strong><\/span><\/div><\/div><div class=\"review male\"><blockquote><div class=\"awb-quote\"><div class=\"awb-quote-content\">\n<p>La formaci\u00f3 de Coaching amb PNL a l&#039;Institut Anna Flores ha estat ES-PEC-TA-CU-LAR.<\/p>\n<p>Anna comunica el contingut i la seva experi\u00e8ncia de manera que enganxa i sempre et quedes amb ganes de m\u00e9s.<\/p>\n<p>L&#039;equilibri entre teoria i pr\u00e0ctica \u00e9s idoni i finalitzes el proc\u00e9s d&#039;aprenentatge sentint-te molt capacitada per a la pr\u00e0ctica professional.<\/p>\n<p>Descobrir aquesta passi\u00f3 a la meva vida ha estat \u00abun abans i un despr\u00e9s\u00bb en el meu cam\u00ed de vida. GR\u00c0CIES Anna per la teva autenticitat i per transmetre aix\u00ed de senzill l&#039;amor per la vida i les persones.<\/p>\n<\/div><\/div><span class=\"awb-triangle\"><\/span><\/blockquote><div class=\"author\"><span class=\"testimonial-thumbnail doe\"><\/span><span class=\"company-name\"><strong>Susana Mart\u00edn<\/strong><\/span><\/div><\/div><div class=\"review male\"><blockquote><div class=\"awb-quote\"><div class=\"awb-quote-content\">\n<p>Brutal!!! PNL Coaching, un enfocament i recursos molt molt poderosos!!! i la instructora, Anna Flores, amb una energia i capacitats did\u00e0ctiques i comunicatives espectaculars.<br \/>\nUna experi\u00e8ncia completa! \u2026 i 100% \u00fatil.<br \/>\nMoltes gr\u00e0cies, Anna.<\/p>\n<\/div><\/div><span class=\"awb-triangle\"><\/span><\/blockquote><div class=\"author\"><span class=\"testimonial-thumbnail doe\"><\/span><span class=\"company-name\"><strong>Cristian Verdaguer<\/strong><\/span><\/div><\/div><div class=\"review male\"><blockquote><div class=\"awb-quote\"><div class=\"awb-quote-content\">\n<p>Una formaci\u00f3 de qualitat i molt pr\u00e0ctica amb qu\u00e8 aprens al mateix temps que t&#039;entrenes per sortir aplicant des del primer dia. Excel\u00b7lents persones i professionals!Una formaci\u00f3 de qualitat i molt pr\u00e0ctica amb qu\u00e8 aprens al mateix temps que t&#039;entrenes per sortir aplicant des del primer dia. Excel\u00b7lents persones i professionals!<\/p>\n<\/div><\/div><span class=\"awb-triangle\"><\/span><\/blockquote><div class=\"author\"><span class=\"testimonial-thumbnail doe\"><\/span><span class=\"company-name\"><strong>Mavi Villatoro<\/strong><\/span><\/div><\/div><div class=\"review male\"><blockquote><div class=\"awb-quote\"><div class=\"awb-quote-content\">\n<p>Fer Coaching amb PNL amb Anna ha estat tot un regal, no nom\u00e9s per la passi\u00f3, actitud i transpar\u00e8ncia a l&#039;hora de parlar amb nosaltres i ensenyar-nos, sin\u00f3 tamb\u00e9 per totes les meravelloses persones que coneixes durant el cam\u00ed.<\/p>\n<p>\u00c9s tot un proc\u00e9s de transformaci\u00f3 i canvi, tant per a un mateix com per a aquelles persones que podr\u00e0s ajudar en un futur.<\/p>\n<p>Sens dubte, ho recomano al 100%. Gr\u00e0cies de cor.<\/p>\n<\/div><\/div><span class=\"awb-triangle\"><\/span><\/blockquote><div class=\"author\"><span class=\"testimonial-thumbnail doe\"><\/span><span class=\"company-name\"><strong>Pol Puissant<\/strong><\/span><\/div><\/div><div class=\"review male\"><blockquote><div class=\"awb-quote\"><div class=\"awb-quote-content\">Quan vaig decidir fer el curs de Coaching amb Anna, per tenir m\u00e9s eines a nivell professional, no m&#039;esperava pas que acabaria canviant tamb\u00e9 a nivell personal!<\/p>\n<p>L&#039;entusiasme i professionalitat amb qu\u00e8 Anna d\u00f3na el curs suposa un abans i un despr\u00e9s, tant que he decidit endinsar-me a PNL i cursar el Coaching amb PNL. Ja no nom\u00e9s a nivell professional, sin\u00f3 a nivell personal.<\/p>\n<p>A m\u00e9s, el tracte rebut des del minut zero fa que s\u00e0pigues que ets al lloc correcte!<\/p>\n<p>No puc estar m\u00e9s agra\u00efda!<\/div><\/div><span class=\"awb-triangle\"><\/span><\/blockquote><div class=\"author\"><span class=\"testimonial-thumbnail doe\"><\/span><span class=\"company-name\"><strong>Montse Collado<\/strong><\/span><\/div><\/div><div class=\"review male\"><blockquote><div class=\"awb-quote\"><div class=\"awb-quote-content\">\n<p>De l'Anna m'agrada el seu bon humor, la seva senzillesa, la seva efic\u00e0cia i sentit pr\u00e0ctic en les sessions i la formaci\u00f3. Ha estat la meva mestra i inspiraci\u00f3 per seguir formant-me, treballant, creixent i aprenent en el COACHING i la PNL. Espero seguir compartint la nostra vida i els nostres aprenentatges quan tinguem oportunitat. Li estic per tot aix\u00f2 molt agra\u00efda.<\/p>\n<\/div><\/div><span class=\"awb-triangle\"><\/span><\/blockquote><div class=\"author\"><span class=\"testimonial-thumbnail doe\"><\/span><span class=\"company-name\"><strong>Emma Mart\u00ednez<\/strong><\/span><\/div><\/div><\/div><\/div><div class=\"fusion-menu-anchor\" id=\"PROXIMAS-EDICIONES-DE-LA-FORMACION\"><\/div><\/div><\/div><\/div><\/div><div class=\"fusion-fullwidth fullwidth-box fusion-builder-row-9 fusion-flex-container nonhundred-percent-fullwidth non-hundred-percent-height-scrolling\" style=\"--awb-border-radius-top-left:0px;--awb-border-radius-top-right:0px;--awb-border-radius-bottom-right:0px;--awb-border-radius-bottom-left:0px;--awb-flex-wrap:wrap;\" ><div class=\"fusion-builder-row fusion-row fusion-flex-align-items-flex-start fusion-flex-content-wrap\" style=\"max-width:1424.8px;margin-left: calc(-4% \/ 2 );margin-right: calc(-4% \/ 2 );\"><div class=\"fusion-layout-column fusion_builder_column fusion-builder-column-16 fusion_builder_column_1_1 1_1 fusion-flex-column\" style=\"--awb-bg-size:cover;--awb-width-large:100%;--awb-margin-top-large:0px;--awb-spacing-right-large:1.92%;--awb-margin-bottom-large:20px;--awb-spacing-left-large:1.92%;--awb-width-medium:100%;--awb-order-medium:0;--awb-spacing-right-medium:1.92%;--awb-spacing-left-medium:1.92%;--awb-width-small:100%;--awb-order-small:0;--awb-spacing-right-small:1.92%;--awb-spacing-left-small:1.92%;\"><div class=\"fusion-column-wrapper fusion-column-has-shadow fusion-flex-justify-content-flex-start fusion-content-layout-column\"><div class=\"fusion-title title fusion-title-7 fusion-title-text fusion-title-size-two\" style=\"--awb-margin-top-small:0px;--awb-margin-right-small:0px;--awb-margin-bottom-small:10px;--awb-margin-left-small:0px;\"><div class=\"title-sep-container title-sep-container-left fusion-no-large-visibility fusion-no-medium-visibility fusion-no-small-visibility\"><div class=\"title-sep sep-double sep-solid\" style=\"border-color:#e0dede;\"><\/div><\/div><span class=\"awb-title-spacer fusion-no-large-visibility fusion-no-medium-visibility fusion-no-small-visibility\"><\/span><h2 class=\"fusion-title-heading title-heading-left fusion-responsive-typography-calculated\" style=\"margin:0;--fontSize:24;line-height:1.5;\">Properes edicions del Coach Certificat a PNL Aplicada<\/h2><span class=\"awb-title-spacer\"><\/span><div class=\"title-sep-container title-sep-container-right\"><div class=\"title-sep sep-double sep-solid\" style=\"border-color:#e0dede;\"><\/div><\/div><\/div><div class=\"fusion-post-cards fusion-post-cards-1 fusion-grid-archive fusion-grid-columns-2\" style=\"--awb-dots-align:center;--awb-columns:2;--awb-active-filter-border-size:3px;--awb-filters-height:36px;\" data-post-type-label=\"portfolio\"><ul class=\"fusion-grid fusion-grid-2 fusion-flex-align-items-stretch fusion-grid-posts-cards\"><li class=\"fusion-layout-column fusion_builder_column fusion-builder-column-17 fusion-flex-column post-card fusion-grid-column fusion-post-cards-grid-column\" style=\"--awb-overflow:hidden;--awb-bg-size:cover;--awb-box-shadow: 0px 0px ;;--awb-border-color:var(--awb-color7);--awb-border-top:2px;--awb-border-right:2px;--awb-border-bottom:2px;--awb-border-left:2px;--awb-border-style:solid;--awb-border-radius:16px 16px 16px 16px;--awb-flex-grow:0;--awb-flex-shrink:0;--awb-flex-grow-medium:0;--awb-flex-shrink-medium:0;--awb-flex-grow-small:0;--awb-flex-shrink-small:0;\"><div class=\"fusion-column-wrapper fusion-column-has-shadow fusion-flex-justify-content-space-between fusion-content-layout-column\"><div class=\"fusion-builder-row fusion-builder-row-inner fusion-row fusion-flex-align-items-flex-start fusion-flex-content-wrap\" style=\"--awb-flex-grow:0;--awb-flex-grow-medium:0;--awb-flex-grow-small:0;--awb-flex-shrink:0;--awb-flex-shrink-medium:0;--awb-flex-shrink-small:0;width:104% !important;max-width:104% !important;margin-left: calc(-4% \/ 2 );margin-right: calc(-4% \/ 2 );\"><div class=\"fusion-layout-column fusion_builder_column_inner fusion-builder-nested-column-2 fusion_builder_column_inner_1_1 1_1 fusion-flex-column\" style=\"--awb-padding-top:2%;--awb-padding-bottom:2%;--awb-bg-image:linear-gradient(180deg, #005CB9 0%,#005CB9 100%);--awb-bg-size:cover;--awb-width-large:100%;--awb-margin-top-large:0px;--awb-spacing-right-large:1.92%;--awb-margin-bottom-large:0px;--awb-spacing-left-large:1.92%;--awb-width-medium:100%;--awb-order-medium:0;--awb-spacing-right-medium:1.92%;--awb-spacing-left-medium:1.92%;--awb-width-small:100%;--awb-order-small:0;--awb-spacing-right-small:1.92%;--awb-spacing-left-small:1.92%;\"><div class=\"fusion-column-wrapper fusion-column-has-shadow fusion-flex-justify-content-space-between fusion-content-layout-column\"><div class=\"fusion-title title fusion-title-8 fusion-sep-none fusion-title-center fusion-title-text fusion-title-size-two\" style=\"--awb-text-color:var(--awb-color1);--awb-margin-top-small:0px;--awb-margin-right-small:0px;--awb-margin-bottom-small:10px;--awb-margin-left-small:0px;\"><h2 class=\"fusion-title-heading title-heading-center fusion-responsive-typography-calculated\" style=\"margin:0;text-transform:uppercase;--fontSize:24;line-height:1.5;\">Coach Certificat en PNL Aplicada<\/h2><\/div><div class=\"fusion-title title fusion-title-9 fusion-sep-none fusion-title-center fusion-title-text fusion-title-size-four\" style=\"--awb-text-color:var(--awb-color1);--awb-margin-top-small:0px;--awb-margin-right-small:0px;--awb-margin-bottom-small:10px;--awb-margin-left-small:0px;\"><h4 class=\"fusion-title-heading title-heading-center fusion-responsive-typography-calculated\" style=\"margin:0;--fontSize:18;--minFontSize:18;line-height:1.5;\">Presencial i videoconfer\u00e8ncia en directe<\/h4><\/div><div class=\"fusion-text fusion-text-7\" style=\"--awb-content-alignment:center;--awb-text-color:var(--awb-color1);\"><p>Inici: 5 de febrer de 2027<\/p>\n<\/div><div class=\"fusion-text fusion-text-8\" style=\"--awb-content-alignment:center;--awb-text-color:var(--awb-color1);\"><p>Modalitat: Caps de setmana<\/p>\n<\/div><div class=\"fusion-text fusion-text-9\" style=\"--awb-content-alignment:center;\"><span style=\"background-color: blue; color: #ffffff; padding: 10px 20px; border-radius: 5px; display: inline-block;\">OBERT<\/span>\n<\/div><\/div><\/div><\/div><div class=\"fusion-text fusion-text-10 fusion-text-no-margin-sm\" style=\"--awb-content-alignment:left;--awb-margin-left:2%;--awb-margin-bottom-small:0px;\"><div class=\"accordian fusion-accordian\" style=\"--awb-border-size:1px;--awb-icon-size:26px;--awb-content-font-size:16px;--awb-icon-alignment:left;--awb-hover-color:#f9f9f9;--awb-border-color:#cccccc;--awb-background-color:#ffffff;--awb-divider-color:#e0dede;--awb-divider-hover-color:#e0dede;--awb-icon-color:#001ee5;--awb-title-color:#567fa9;--awb-content-color:#747474;--awb-icon-box-color:#333333;--awb-toggle-hover-accent-color:#515471;--awb-title-font-family:&quot;PT Sans&quot;;--awb-title-font-weight:400;--awb-title-font-style:normal;--awb-title-font-size:var(--awb-typography2-font-size);--awb-content-font-family:&quot;PT Sans&quot;;--awb-content-font-style:normal;--awb-content-font-weight:400;\"><div class=\"panel-group fusion-toggle-icon-unboxed\" id=\"accordion-23993-4\"><div class=\"fusion-panel panel-default panel-51e190d720d9f3d3e fusion-toggle-no-divider\"><div class=\"panel-heading\"><h4 class=\"panel-title toggle\" id=\"toggle_51e190d720d9f3d3e\"><a aria-expanded=\"false\" aria-controls=\"51e190d720d9f3d3e\" role=\"button\" data-toggle=\"collapse\" data-parent=\"#accordion-23993-4\" data-target=\"#51e190d720d9f3d3e\" href=\"#51e190d720d9f3d3e\"><span class=\"fusion-toggle-icon-wrapper\" aria-hidden=\"true\"><i class=\"fa-fusion-box active-icon fa-angle-up fas\" aria-hidden=\"true\"><\/i><i class=\"fa-fusion-box inactive-icon fa-angle-right fas\" aria-hidden=\"true\"><\/i><\/span><span class=\"fusion-toggle-heading\">Detall de les dates del curs<\/span><\/a><\/h4><\/div><div id=\"51e190d720d9f3d3e\" class=\"panel-collapse collapse\" aria-labelledby=\"toggle_51e190d720d9f3d3e\"><div class=\"panel-body toggle-content fusion-clearfix\"><p>4 Caps de Setmana un al mes. Divendres de 16h a 19h. Dissabte de 9h a 14h i de 15h a 19h. Diumenge de 9h a 14h i de 15h a 18h.<\/p>\n<ul>\n<li>5, 6 i 7 de Febrer 2027<\/li>\n<li>5, 6 i 7 de Mar\u00e7 2027<\/li>\n<li>9, 10 i 11 d&#039;abril 2027<\/li>\n<li>7, 8 i 9 de Maig 2027<\/li>\n<\/ul>\n<\/div><\/div><\/div><\/div><\/div>\n<\/div><div class=\"fusion-text fusion-text-11\" style=\"--awb-content-alignment:left;--awb-margin-right:2%;--awb-margin-left:2%;\"><div class=\"accordian fusion-accordian\" style=\"--awb-border-size:1px;--awb-icon-size:26px;--awb-content-font-size:16px;--awb-icon-alignment:left;--awb-hover-color:#f9f9f9;--awb-border-color:#cccccc;--awb-background-color:#ffffff;--awb-divider-color:#e0dede;--awb-divider-hover-color:#e0dede;--awb-icon-color:#001ee5;--awb-title-color:#567fa9;--awb-content-color:#747474;--awb-icon-box-color:#333333;--awb-toggle-hover-accent-color:#515471;--awb-title-font-family:&quot;PT Sans&quot;;--awb-title-font-weight:400;--awb-title-font-style:normal;--awb-title-font-size:var(--awb-typography2-font-size);--awb-content-font-family:&quot;PT Sans&quot;;--awb-content-font-style:normal;--awb-content-font-weight:400;\"><div class=\"panel-group fusion-toggle-icon-unboxed\" id=\"accordion-23993-5\"><div class=\"fusion-panel panel-default panel-ecda4016926a93476 fusion-toggle-no-divider\"><div class=\"panel-heading\"><h4 class=\"panel-title toggle\" id=\"toggle_ecda4016926a93476\"><a aria-expanded=\"false\" aria-controls=\"ecda4016926a93476\" role=\"button\" data-toggle=\"collapse\" data-parent=\"#accordion-23993-5\" data-target=\"#ecda4016926a93476\" href=\"#ecda4016926a93476\"><span class=\"fusion-toggle-icon-wrapper\" aria-hidden=\"true\"><i class=\"fa-fusion-box active-icon fa-angle-up fas\" aria-hidden=\"true\"><\/i><i class=\"fa-fusion-box inactive-icon fa-angle-right fas\" aria-hidden=\"true\"><\/i><\/span><span class=\"fusion-toggle-heading\">Costos i condicions<\/span><\/a><\/h4><\/div><div id=\"ecda4016926a93476\" class=\"panel-collapse collapse\" aria-labelledby=\"toggle_ecda4016926a93476\"><div class=\"panel-body toggle-content fusion-clearfix\">El cost del nostre <strong>Curs de Coaching Coach Certificat en PNL Aplicada <\/strong>a Barcelona \u00e9s de 3.950\u20ac per\u00f2 si el pagament es fa 30 dies abans del seu inici l&#039;import queda a <strong><span style=\"color: #0000ff;\">3.450\u20ac<\/span><\/strong><\/div><\/div><\/div><\/div><\/div>\n<\/div><div class=\"fusion-separator\" style=\"align-self: center;margin-left: auto;margin-right: auto;margin-top:0px;margin-bottom:0px;width:100%;max-width:94%;\"><div class=\"fusion-separator-border sep-single sep-solid\" style=\"--awb-height:20px;--awb-amount:20px;--awb-sep-color:var(--awb-color4);border-color:var(--awb-color4);border-top-width:1px;\"><\/div><\/div><div style=\"text-align:center;\"><a class=\"fusion-button button-flat button-xlarge button-custom fusion-button-default button-4 fusion-button-default-span fusion-button-default-type\" style=\"--awb-margin-top:20px;--button_accent_color:#ffffff;--button_accent_hover_color:#ffffff;--button_border_hover_color:#ffffff;--button-border-radius-top-left:16px;--button-border-radius-top-right:16px;--button-border-radius-bottom-right:16px;--button-border-radius-bottom-left:16px;--button_gradient_top_color:var(--awb-color8);--button_gradient_bottom_color:var(--awb-color8);--button_gradient_top_color_hover:#515471;--button_gradient_bottom_color_hover:#515471;\" target=\"_self\" href=\"https:\/\/institutannaflores.com\/finalizar-compra\/?add-to-cart=1521\"><i class=\"fa-credit-card far awb-button__icon awb-button__icon--default button-icon-left\" aria-hidden=\"true\"><\/i><span class=\"fusion-button-text awb-button__text awb-button__text--default\">COMPRAR ARA<\/span><\/a><\/div><div class=\"fusion-separator fusion-full-width-sep\" style=\"align-self: center;margin-left: auto;margin-right: auto;margin-top:20px;margin-bottom:0px;width:100%;max-width:100%;\"><div class=\"fusion-separator-border sep-single sep-solid\" style=\"--awb-height:20px;--awb-amount:20px;--awb-sep-color:var(--awb-color4);border-color:var(--awb-color4);border-top-width:0px;\"><\/div><\/div><div class=\"fusion-builder-row fusion-builder-row-inner fusion-row fusion-flex-align-items-flex-start fusion-flex-content-wrap\" style=\"--awb-flex-grow:0;--awb-flex-grow-medium:0;--awb-flex-grow-small:0;--awb-flex-shrink:0;--awb-flex-shrink-medium:0;--awb-flex-shrink-small:0;width:104% !important;max-width:104% !important;margin-left: calc(-4% \/ 2 );margin-right: calc(-4% \/ 2 );\"><div class=\"fusion-layout-column fusion_builder_column_inner fusion-builder-nested-column-3 fusion_builder_column_inner_1_1 1_1 fusion-flex-column\" style=\"--awb-padding-top:3%;--awb-padding-bottom:3%;--awb-bg-color:var(--awb-custom13);--awb-bg-color-hover:var(--awb-custom13);--awb-bg-size:cover;--awb-border-color:var(--awb-color6);--awb-border-top:2px;--awb-border-style:solid;--awb-width-large:100%;--awb-margin-top-large:0px;--awb-spacing-right-large:1.92%;--awb-margin-bottom-large:0px;--awb-spacing-left-large:1.92%;--awb-width-medium:100%;--awb-order-medium:0;--awb-spacing-right-medium:1.92%;--awb-spacing-left-medium:1.92%;--awb-width-small:100%;--awb-order-small:0;--awb-spacing-right-small:1.92%;--awb-spacing-left-small:1.92%;\"><div class=\"fusion-column-wrapper fusion-column-has-shadow fusion-flex-justify-content-center fusion-content-layout-column\"><div class=\"fusion-text fusion-text-12 fusion-text-no-margin\" style=\"--awb-content-alignment:center;--awb-margin-top:0px;--awb-margin-bottom:0px;\"><p>Si vols m\u00e9s informaci\u00f3, pots accedir al formulari de contacte <a href=\"https:\/\/annaflores.es\/ca\/formulari-mes-informacio-pnl-coaching-hipnosi-anna-flores\/\" target=\"_blank\" rel=\"noopener\">AQU\u00cd<\/a>.<\/p>\n<\/div><\/div><\/div><\/div><\/div><\/li>\n<li class=\"fusion-layout-column fusion_builder_column fusion-builder-column-18 fusion-flex-column post-card fusion-grid-column fusion-post-cards-grid-column\" style=\"--awb-overflow:hidden;--awb-bg-size:cover;--awb-box-shadow: 0px 0px ;;--awb-border-color:var(--awb-color7);--awb-border-top:2px;--awb-border-right:2px;--awb-border-bottom:2px;--awb-border-left:2px;--awb-border-style:solid;--awb-border-radius:16px 16px 16px 16px;--awb-flex-grow:0;--awb-flex-shrink:0;--awb-flex-grow-medium:0;--awb-flex-shrink-medium:0;--awb-flex-grow-small:0;--awb-flex-shrink-small:0;\"><div class=\"fusion-column-wrapper fusion-column-has-shadow fusion-flex-justify-content-space-between fusion-content-layout-column\"><div class=\"fusion-builder-row fusion-builder-row-inner fusion-row fusion-flex-align-items-flex-start fusion-flex-content-wrap\" style=\"--awb-flex-grow:0;--awb-flex-grow-medium:0;--awb-flex-grow-small:0;--awb-flex-shrink:0;--awb-flex-shrink-medium:0;--awb-flex-shrink-small:0;width:104% !important;max-width:104% !important;margin-left: calc(-4% \/ 2 );margin-right: calc(-4% \/ 2 );\"><div class=\"fusion-layout-column fusion_builder_column_inner fusion-builder-nested-column-4 fusion_builder_column_inner_1_1 1_1 fusion-flex-column\" style=\"--awb-padding-top:2%;--awb-padding-bottom:2%;--awb-bg-image:linear-gradient(180deg, #005CB9 0%,#005CB9 100%);--awb-bg-size:cover;--awb-width-large:100%;--awb-margin-top-large:0px;--awb-spacing-right-large:1.92%;--awb-margin-bottom-large:0px;--awb-spacing-left-large:1.92%;--awb-width-medium:100%;--awb-order-medium:0;--awb-spacing-right-medium:1.92%;--awb-spacing-left-medium:1.92%;--awb-width-small:100%;--awb-order-small:0;--awb-spacing-right-small:1.92%;--awb-spacing-left-small:1.92%;\"><div class=\"fusion-column-wrapper fusion-column-has-shadow fusion-flex-justify-content-space-between fusion-content-layout-column\"><div class=\"fusion-title title fusion-title-10 fusion-sep-none fusion-title-center fusion-title-text fusion-title-size-two\" style=\"--awb-text-color:var(--awb-color1);--awb-margin-top-small:0px;--awb-margin-right-small:0px;--awb-margin-bottom-small:10px;--awb-margin-left-small:0px;\"><h2 class=\"fusion-title-heading title-heading-center fusion-responsive-typography-calculated\" style=\"margin:0;text-transform:uppercase;--fontSize:24;line-height:1.5;\">Coach Certificat en PNL Aplicada<\/h2><\/div><div class=\"fusion-title title fusion-title-11 fusion-sep-none fusion-title-center fusion-title-text fusion-title-size-four\" style=\"--awb-text-color:var(--awb-color1);--awb-margin-top-small:0px;--awb-margin-right-small:0px;--awb-margin-bottom-small:10px;--awb-margin-left-small:0px;\"><h4 class=\"fusion-title-heading title-heading-center fusion-responsive-typography-calculated\" style=\"margin:0;--fontSize:18;--minFontSize:18;line-height:1.5;\">On-Line<\/h4><\/div><div class=\"fusion-text fusion-text-13\" style=\"--awb-content-alignment:center;--awb-text-color:var(--awb-color1);\"><p>Inici: 11 de novembre de 2026<\/p>\n<\/div><div class=\"fusion-text fusion-text-14\" style=\"--awb-content-alignment:center;--awb-text-color:var(--awb-color1);\"><p>Modalitat: Tardes online ( videoconfer\u00e8ncia en directe)<\/p>\n<\/div><div class=\"fusion-text fusion-text-15\" style=\"--awb-content-alignment:center;\"><span style=\"background-color: blue; color: #ffffff; padding: 10px 20px; border-radius: 5px; display: inline-block;\">OBERT<\/span>\n<\/div><\/div><\/div><\/div><div class=\"fusion-text fusion-text-16 fusion-text-no-margin-sm\" style=\"--awb-content-alignment:left;--awb-margin-left:2%;--awb-margin-bottom-small:0px;\"><div class=\"accordian fusion-accordian\" style=\"--awb-border-size:1px;--awb-icon-size:26px;--awb-content-font-size:16px;--awb-icon-alignment:left;--awb-hover-color:#f9f9f9;--awb-border-color:#cccccc;--awb-background-color:#ffffff;--awb-divider-color:#e0dede;--awb-divider-hover-color:#e0dede;--awb-icon-color:#001ee5;--awb-title-color:#567fa9;--awb-content-color:#747474;--awb-icon-box-color:#333333;--awb-toggle-hover-accent-color:#515471;--awb-title-font-family:&quot;PT Sans&quot;;--awb-title-font-weight:400;--awb-title-font-style:normal;--awb-title-font-size:var(--awb-typography2-font-size);--awb-content-font-family:&quot;PT Sans&quot;;--awb-content-font-style:normal;--awb-content-font-weight:400;\"><div class=\"panel-group fusion-toggle-icon-unboxed\" id=\"accordion-24071-6\"><div class=\"fusion-panel panel-default panel-01427c6668d34d411 fusion-toggle-no-divider\"><div class=\"panel-heading\"><h4 class=\"panel-title toggle\" id=\"toggle_01427c6668d34d411\"><a aria-expanded=\"false\" aria-controls=\"01427c6668d34d411\" role=\"button\" data-toggle=\"collapse\" data-parent=\"#accordion-24071-6\" data-target=\"#01427c6668d34d411\" href=\"#01427c6668d34d411\"><span class=\"fusion-toggle-icon-wrapper\" aria-hidden=\"true\"><i class=\"fa-fusion-box active-icon fa-angle-up fas\" aria-hidden=\"true\"><\/i><i class=\"fa-fusion-box inactive-icon fa-angle-right fas\" aria-hidden=\"true\"><\/i><\/span><span class=\"fusion-toggle-heading\">Detall de les dates del curs<\/span><\/a><\/h4><\/div><div id=\"01427c6668d34d411\" class=\"panel-collapse collapse\" aria-labelledby=\"toggle_01427c6668d34d411\"><div class=\"panel-body toggle-content fusion-clearfix\"><p>20 tardes consecutives no festives<\/p>\n<p>De 15h a 19h.<\/p>\n<ul>\n<li>11, 18 i 25 de novembre de 2026<\/li>\n<li>2, 9, 16 i 23 de desembre de 2026<\/li>\n<li>13, 20 i 27 de Gener de 2027<\/li>\n<li>3, 10, 17 i 24 de Febrer 2027<\/li>\n<li>3, 10 i 17 de Mar\u00e7 2027<\/li>\n<li>7, i 14 d&#039;abril 2027<\/li>\n<\/ul>\n<\/div><\/div><\/div><\/div><\/div>\n<\/div><div class=\"fusion-text fusion-text-17\" style=\"--awb-content-alignment:left;--awb-margin-right:2%;--awb-margin-left:2%;\"><div class=\"accordian fusion-accordian\" style=\"--awb-border-size:1px;--awb-icon-size:26px;--awb-content-font-size:16px;--awb-icon-alignment:left;--awb-hover-color:#f9f9f9;--awb-border-color:#cccccc;--awb-background-color:#ffffff;--awb-divider-color:#e0dede;--awb-divider-hover-color:#e0dede;--awb-icon-color:#001ee5;--awb-title-color:#567fa9;--awb-content-color:#747474;--awb-icon-box-color:#333333;--awb-toggle-hover-accent-color:#515471;--awb-title-font-family:&quot;PT Sans&quot;;--awb-title-font-weight:400;--awb-title-font-style:normal;--awb-title-font-size:var(--awb-typography2-font-size);--awb-content-font-family:&quot;PT Sans&quot;;--awb-content-font-style:normal;--awb-content-font-weight:400;\"><div class=\"panel-group fusion-toggle-icon-unboxed\" id=\"accordion-24071-7\"><div class=\"fusion-panel panel-default panel-c7e9d18e7164e3b55 fusion-toggle-no-divider\"><div class=\"panel-heading\"><h4 class=\"panel-title toggle\" id=\"toggle_c7e9d18e7164e3b55\"><a aria-expanded=\"false\" aria-controls=\"c7e9d18e7164e3b55\" role=\"button\" data-toggle=\"collapse\" data-parent=\"#accordion-24071-7\" data-target=\"#c7e9d18e7164e3b55\" href=\"#c7e9d18e7164e3b55\"><span class=\"fusion-toggle-icon-wrapper\" aria-hidden=\"true\"><i class=\"fa-fusion-box active-icon fa-angle-up fas\" aria-hidden=\"true\"><\/i><i class=\"fa-fusion-box inactive-icon fa-angle-right fas\" aria-hidden=\"true\"><\/i><\/span><span class=\"fusion-toggle-heading\">Costos i condicions<\/span><\/a><\/h4><\/div><div id=\"c7e9d18e7164e3b55\" class=\"panel-collapse collapse\" aria-labelledby=\"toggle_c7e9d18e7164e3b55\"><div class=\"panel-body toggle-content fusion-clearfix\">El cost del nostre <strong>Curs de Coaching Coach Certificat en PNL Aplicada <\/strong>a Barcelona \u00e9s de 3.950\u20ac per\u00f2 si el pagament es fa 30 dies abans del seu inici l&#039;import queda a <strong><span style=\"color: #0000ff;\">3.450\u20ac<\/span><\/strong><\/div><\/div><\/div><\/div><\/div>\n<\/div><div class=\"fusion-separator\" style=\"align-self: center;margin-left: auto;margin-right: auto;margin-top:0px;margin-bottom:0px;width:100%;max-width:94%;\"><div class=\"fusion-separator-border sep-single sep-solid\" style=\"--awb-height:20px;--awb-amount:20px;--awb-sep-color:var(--awb-color4);border-color:var(--awb-color4);border-top-width:1px;\"><\/div><\/div><div style=\"text-align:center;\"><a class=\"fusion-button button-flat button-xlarge button-custom fusion-button-default button-5 fusion-button-default-span fusion-button-default-type\" style=\"--awb-margin-top:20px;--button_accent_color:#ffffff;--button_accent_hover_color:#ffffff;--button_border_hover_color:#ffffff;--button-border-radius-top-left:16px;--button-border-radius-top-right:16px;--button-border-radius-bottom-right:16px;--button-border-radius-bottom-left:16px;--button_gradient_top_color:var(--awb-color8);--button_gradient_bottom_color:var(--awb-color8);--button_gradient_top_color_hover:#515471;--button_gradient_bottom_color_hover:#515471;\" target=\"_self\" href=\"https:\/\/institutannaflores.com\/finalizar-compra\/?add-to-cart=10245\"><i class=\"fa-credit-card far awb-button__icon awb-button__icon--default button-icon-left\" aria-hidden=\"true\"><\/i><span class=\"fusion-button-text awb-button__text awb-button__text--default\">COMPRAR ARA<\/span><\/a><\/div><div class=\"fusion-separator fusion-full-width-sep\" style=\"align-self: center;margin-left: auto;margin-right: auto;margin-top:20px;margin-bottom:0px;width:100%;max-width:100%;\"><div class=\"fusion-separator-border sep-single sep-solid\" style=\"--awb-height:20px;--awb-amount:20px;--awb-sep-color:var(--awb-color4);border-color:var(--awb-color4);border-top-width:0px;\"><\/div><\/div><div class=\"fusion-builder-row fusion-builder-row-inner fusion-row fusion-flex-align-items-flex-start fusion-flex-content-wrap\" style=\"--awb-flex-grow:0;--awb-flex-grow-medium:0;--awb-flex-grow-small:0;--awb-flex-shrink:0;--awb-flex-shrink-medium:0;--awb-flex-shrink-small:0;width:104% !important;max-width:104% !important;margin-left: calc(-4% \/ 2 );margin-right: calc(-4% \/ 2 );\"><div class=\"fusion-layout-column fusion_builder_column_inner fusion-builder-nested-column-5 fusion_builder_column_inner_1_1 1_1 fusion-flex-column\" style=\"--awb-padding-top:3%;--awb-padding-bottom:3%;--awb-bg-color:var(--awb-custom13);--awb-bg-color-hover:var(--awb-custom13);--awb-bg-size:cover;--awb-border-color:var(--awb-color6);--awb-border-top:2px;--awb-border-style:solid;--awb-width-large:100%;--awb-margin-top-large:0px;--awb-spacing-right-large:1.92%;--awb-margin-bottom-large:0px;--awb-spacing-left-large:1.92%;--awb-width-medium:100%;--awb-order-medium:0;--awb-spacing-right-medium:1.92%;--awb-spacing-left-medium:1.92%;--awb-width-small:100%;--awb-order-small:0;--awb-spacing-right-small:1.92%;--awb-spacing-left-small:1.92%;\"><div class=\"fusion-column-wrapper fusion-column-has-shadow fusion-flex-justify-content-center fusion-content-layout-column\"><div class=\"fusion-text fusion-text-18 fusion-text-no-margin\" style=\"--awb-content-alignment:center;--awb-margin-top:0px;--awb-margin-bottom:0px;\"><p>Si vols m\u00e9s informaci\u00f3, pots accedir al formulari de contacte <a href=\"https:\/\/annaflores.es\/ca\/formulari-mes-informacio-pnl-coaching-hipnosi-anna-flores\/\" target=\"_blank\" rel=\"noopener\">AQU\u00cd<\/a>.<\/p>\n<\/div><\/div><\/div><\/div><\/div><\/li>\n<\/ul><\/div><\/div><\/div><\/div><\/div>\n<\/p>","protected":false},"excerpt":{"rendered":"","protected":false},"author":2,"featured_media":0,"parent":0,"menu_order":2,"comment_status":"closed","ping_status":"closed","template":"","meta":{"_acf_changed":false,"footnotes":""},"class_list":["post-23857","page","type-page","status-publish","hentry"],"acf":[],"yoast_head":"<!-- This site is optimized with the Yoast SEO Premium plugin v23.9 (Yoast SEO v27.4) - https:\/\/yoast.com\/product\/yoast-seo-premium-wordpress\/ -->\n<title>Curso de Coach Certificado en PNL Aplicada<\/title>\n<meta name=\"description\" content=\"Curso de Coach Certificado en PNL Aplicada, presencial u online impartido por Anna Flores, Trainer Internacional Coaching con PNL.\" \/>\n<meta name=\"robots\" content=\"index, follow, max-snippet:-1, max-image-preview:large, max-video-preview:-1\" \/>\n<link rel=\"canonical\" href=\"https:\/\/www.annaflores.es\/curso-de-coach-certificado-en-pnl\/\" \/>\n<meta property=\"og:locale\" content=\"ca_ES\" \/>\n<meta property=\"og:type\" content=\"article\" \/>\n<meta property=\"og:title\" content=\"Curso de Coach Certificado en PNL Aplicada\" \/>\n<meta property=\"og:description\" content=\"Curso de Coach Certificado en PNL Aplicada, presencial u online impartido por Anna Flores, Trainer Internacional Coaching con PNL.\" \/>\n<meta property=\"og:url\" content=\"https:\/\/www.annaflores.es\/curso-de-coach-certificado-en-pnl\/\" \/>\n<meta property=\"og:site_name\" content=\"Anna Flores\" \/>\n<meta property=\"article:publisher\" content=\"https:\/\/www.facebook.com\/InstitutCoachingPNLAnnaFlores\/\" \/>\n<meta property=\"article:modified_time\" content=\"2026-04-23T19:27:36+00:00\" \/>\n<meta property=\"og:image\" content=\"https:\/\/www.annaflores.es\/wp-content\/uploads\/Curso-Certificado-de-PNL-Aplicada-1.png\" \/>\n\t<meta property=\"og:image:width\" content=\"1119\" \/>\n\t<meta property=\"og:image:height\" content=\"675\" \/>\n\t<meta property=\"og:image:type\" content=\"image\/png\" \/>\n<meta name=\"twitter:card\" content=\"summary_large_image\" \/>\n<meta name=\"twitter:label1\" content=\"Temps estimat de lectura\" \/>\n\t<meta name=\"twitter:data1\" content=\"16 minuts\" \/>\n<!-- \/ Yoast SEO Premium plugin. -->","yoast_head_json":{"title":"Curs de Coach Certificat a PNL Aplicada","description":"Curs de Coach Certificat en PNL Aplicada, presencial o en l\u00ednia impartit per Anna Flores, Trainer Internacional Coaching amb PNL.","robots":{"index":"index","follow":"follow","max-snippet":"max-snippet:-1","max-image-preview":"max-image-preview:large","max-video-preview":"max-video-preview:-1"},"canonical":"https:\/\/www.annaflores.es\/curso-de-coach-certificado-en-pnl\/","og_locale":"ca_ES","og_type":"article","og_title":"Curso de Coach Certificado en PNL Aplicada","og_description":"Curso de Coach Certificado en PNL Aplicada, presencial u online impartido por Anna Flores, Trainer Internacional Coaching con PNL.","og_url":"https:\/\/www.annaflores.es\/curso-de-coach-certificado-en-pnl\/","og_site_name":"Anna Flores","article_publisher":"https:\/\/www.facebook.com\/InstitutCoachingPNLAnnaFlores\/","article_modified_time":"2026-04-23T19:27:36+00:00","og_image":[{"width":1119,"height":675,"url":"https:\/\/www.annaflores.es\/wp-content\/uploads\/Curso-Certificado-de-PNL-Aplicada-1.png","type":"image\/png"}],"twitter_card":"summary_large_image","twitter_misc":{"Temps estimat de lectura":"16 minuts"},"schema":{"@context":"https:\/\/schema.org","@graph":[{"@type":"WebPage","@id":"https:\/\/www.annaflores.es\/curso-de-coach-certificado-en-pnl\/","url":"https:\/\/www.annaflores.es\/curso-de-coach-certificado-en-pnl\/","name":"Curs de Coach Certificat a PNL Aplicada","isPartOf":{"@id":"https:\/\/www.annaflores.es\/ca\/#website"},"datePublished":"2026-01-25T16:20:34+00:00","dateModified":"2026-04-23T19:27:36+00:00","description":"Curs de Coach Certificat en PNL Aplicada, presencial o en l\u00ednia impartit per Anna Flores, Trainer Internacional Coaching amb PNL.","breadcrumb":{"@id":"https:\/\/www.annaflores.es\/curso-de-coach-certificado-en-pnl\/#breadcrumb"},"inLanguage":"ca","potentialAction":[{"@type":"ReadAction","target":["https:\/\/www.annaflores.es\/curso-de-coach-certificado-en-pnl\/"]}]},{"@type":"BreadcrumbList","@id":"https:\/\/www.annaflores.es\/curso-de-coach-certificado-en-pnl\/#breadcrumb","itemListElement":[{"@type":"ListItem","position":1,"name":"Inicio","item":"https:\/\/annaflores.es\/"},{"@type":"ListItem","position":2,"name":"Curso de Coach Certificado en PNL Aplicada"}]},{"@type":"WebSite","@id":"https:\/\/www.annaflores.es\/ca\/#website","url":"https:\/\/www.annaflores.es\/ca\/","name":"Anna Flores","description":"Cursos de Coaching i PNL a Barcelona","publisher":{"@id":"https:\/\/www.annaflores.es\/ca\/#organization"},"alternateName":"Institut Anna Flores","potentialAction":[{"@type":"SearchAction","target":{"@type":"EntryPoint","urlTemplate":"https:\/\/www.annaflores.es\/ca\/?s={search_term_string}"},"query-input":{"@type":"PropertyValueSpecification","valueRequired":true,"valueName":"search_term_string"}}],"inLanguage":"ca"},{"@type":"Organization","@id":"https:\/\/www.annaflores.es\/ca\/#organization","name":"Institut Anna Flors","alternateName":"Anna Flores","url":"https:\/\/www.annaflores.es\/ca\/","logo":{"@type":"ImageObject","inLanguage":"ca","@id":"https:\/\/www.annaflores.es\/ca\/#\/schema\/logo\/image\/","url":"https:\/\/annaflores.es\/wp-content\/uploads\/IAFCAT-BLAU-MES-INTENS_traspa-e1610467605488.png","contentUrl":"https:\/\/annaflores.es\/wp-content\/uploads\/IAFCAT-BLAU-MES-INTENS_traspa-e1610467605488.png","width":200,"height":51,"caption":"Instituto Anna Flores"},"image":{"@id":"https:\/\/www.annaflores.es\/ca\/#\/schema\/logo\/image\/"},"sameAs":["https:\/\/www.facebook.com\/InstitutCoachingPNLAnnaFlores\/","https:\/\/www.instagram.com\/annafloresinstitut\/","https:\/\/www.linkedin.com\/in\/annaflorescoaching\/","https:\/\/www.youtube.com\/c\/InstitutodePNLyCoachingAnnaFlores"]}]}},"_links":{"self":[{"href":"https:\/\/annaflores.es\/ca\/wp-json\/wp\/v2\/pages\/23857","targetHints":{"allow":["GET"]}}],"collection":[{"href":"https:\/\/annaflores.es\/ca\/wp-json\/wp\/v2\/pages"}],"about":[{"href":"https:\/\/annaflores.es\/ca\/wp-json\/wp\/v2\/types\/page"}],"author":[{"embeddable":true,"href":"https:\/\/annaflores.es\/ca\/wp-json\/wp\/v2\/users\/2"}],"replies":[{"embeddable":true,"href":"https:\/\/annaflores.es\/ca\/wp-json\/wp\/v2\/comments?post=23857"}],"version-history":[{"count":0,"href":"https:\/\/annaflores.es\/ca\/wp-json\/wp\/v2\/pages\/23857\/revisions"}],"wp:attachment":[{"href":"https:\/\/annaflores.es\/ca\/wp-json\/wp\/v2\/media?parent=23857"}],"curies":[{"name":"wp","href":"https:\/\/api.w.org\/{rel}","templated":true}]}}